{"id":6237,"date":"2024-05-15T23:12:22","date_gmt":"2024-05-15T21:12:22","guid":{"rendered":"https:\/\/www.fondazionepiccinini.org\/?page_id=6237"},"modified":"2024-05-21T22:45:44","modified_gmt":"2024-05-21T20:45:44","slug":"libro-2024-amico-carissimo_en","status":"publish","type":"page","link":"https:\/\/www.fondazionepiccinini.org\/en\/homepage_en\/libro-2024-amico-carissimo_en\/","title":{"rendered":"Book 2024 &#8211; Amico Carissimo"},"content":{"rendered":"<div id='full_slider_1'  class='avia-fullwidth-slider main_color avia-shadow   avia-builder-el-0  el_before_av_section  avia-builder-el-first   container_wrap sidebar_right'  >\n<style type=\"text\/css\" data-created_by=\"avia_inline_auto\" id=\"style-css-av-jsxaljxu-6a2315616899d15efd2bdd0f45dd0ec2\">\n#top #wrap_all .avia-slideshow .av-slideshow-caption.av-jsxaljxu-6a2315616899d15efd2bdd0f45dd0ec2__0 .avia-caption-title{\nfont-size:34px;\n}\n#top .avia-slideshow .av-slideshow-caption.av-jsxaljxu-6a2315616899d15efd2bdd0f45dd0ec2__0 .avia-caption-content{\nfont-size:26px;\n}\n#top .avia-slideshow .av-slideshow-caption.av-jsxaljxu-6a2315616899d15efd2bdd0f45dd0ec2__0 .avia-caption-content p{\nfont-size:26px;\n}\n<\/style>\n<div  class='avia-slideshow av-jsxaljxu-6a2315616899d15efd2bdd0f45dd0ec2 avia-slideshow-featured_large av_slideshow_full avia-slide-slider av-slideshow-ui av-control-minimal av-slideshow-autoplay av-loop-once av-loop-manual-endless av-default-height-applied   avia-slideshow-1' data-slideshow-options=\"{&quot;animation&quot;:&quot;slide&quot;,&quot;autoplay&quot;:true,&quot;loop_autoplay&quot;:&quot;once&quot;,&quot;interval&quot;:5,&quot;loop_manual&quot;:&quot;manual-endless&quot;,&quot;autoplay_stopper&quot;:true,&quot;noNavigation&quot;:false,&quot;bg_slider&quot;:false,&quot;keep_padding&quot;:false,&quot;hoverpause&quot;:false,&quot;show_slide_delay&quot;:0}\"  itemprop=\"image\" itemscope=\"itemscope\" itemtype=\"https:\/\/schema.org\/ImageObject\" ><ul class='avia-slideshow-inner ' style='padding-bottom: 42%;'><li  class='avia-slideshow-slide av-jsxaljxu-6a2315616899d15efd2bdd0f45dd0ec2__0  av-single-slide slide-1 slide-odd'><div data-rel='slideshow-1' class='avia-slide-wrap '   ><img decoding=\"async\" fetchpriority=\"high\" class=\"wp-image-6159 avia-img-lazy-loading-not-6159\"  src=\"https:\/\/www.fondazionepiccinini.org\/wp-content\/uploads\/2024\/05\/Easy-slider-Amico-Carissimo.png\" width=\"1500\" height=\"630\" title='Easy slider - Amico Carissimo' alt=''  itemprop=\"thumbnailUrl\" srcset=\"https:\/\/www.fondazionepiccinini.org\/wp-content\/uploads\/2024\/05\/Easy-slider-Amico-Carissimo.png 1500w, https:\/\/www.fondazionepiccinini.org\/wp-content\/uploads\/2024\/05\/Easy-slider-Amico-Carissimo-300x126.png 300w, https:\/\/www.fondazionepiccinini.org\/wp-content\/uploads\/2024\/05\/Easy-slider-Amico-Carissimo-1030x433.png 1030w, https:\/\/www.fondazionepiccinini.org\/wp-content\/uploads\/2024\/05\/Easy-slider-Amico-Carissimo-768x323.png 768w, https:\/\/www.fondazionepiccinini.org\/wp-content\/uploads\/2024\/05\/Easy-slider-Amico-Carissimo-705x296.png 705w\" sizes=\"(max-width: 1500px) 100vw, 1500px\" \/><\/div><\/li><\/ul><\/div><\/div>\n<div id='av_section_1'  class='avia-section av-8o6go6-8ae5e50789804aae2d0f27d2a845c43b alternate_color avia-section-large avia-shadow  avia-builder-el-1  el_after_av_slideshow_full  el_before_av_section  avia-bg-style-scroll container_wrap sidebar_right'  ><div class='container av-section-cont-open' ><div class='template-page content  av-content-small alpha units'><div class='post-entry post-entry-type-page post-entry-6237'><div class='entry-content-wrapper clearfix'>\n<div  class='flex_column av-8l61w6-8bc28e0e0e8f4acf64343ccaaec10711 av_one_fifth  avia-builder-el-2  el_before_av_three_fifth  avia-builder-el-first  first flex_column_div  '     ><\/div><div  class='flex_column av-8l61w6-31-97e2e736da67b0ae0ab9bed00d46daf5 av_three_fifth  avia-builder-el-3  el_after_av_one_fifth  el_before_av_one_fifth  flex_column_div  '     ><style type=\"text\/css\" data-created_by=\"avia_inline_auto\" id=\"style-css-av-8c0g5i-6086c2bba84b782e64147275170d659c\">\n#top .av_textblock_section.av-8c0g5i-6086c2bba84b782e64147275170d659c .avia_textblock{\nfont-size:18px;\n}\n<\/style>\n<section  class='av_textblock_section av-8c0g5i-6086c2bba84b782e64147275170d659c '   itemscope=\"itemscope\" itemtype=\"https:\/\/schema.org\/CreativeWork\" ><div class='avia_textblock'  itemprop=\"text\" ><div class=\"page\" title=\"Page 1\">\n<div class=\"section\">\n<div class=\"layoutArea\">\n<div class=\"column\">\n<h2><strong style=\"color: #000000; font-size: 16px;\">Who was Enzo Piccinini, a surgeon who tragically died in a car accident in May 1999, a friend of Father Luigi Giussani and tireless educator?<\/strong><\/h2>\n<div class=\"page\" title=\"Page 1\">\n<div class=\"section\">\n<div class=\"layoutArea\">\n<div class=\"column\">\n<div class=\"page\" title=\"Page 1\">\n<div class=\"section\">\n<div class=\"layoutArea\">\n<div class=\"column\">\n<p>Responding, 25 years after his death, is <strong>Pier Paolo Bellini,<\/strong> friend and fellow traveller of the Reggio Emilia doctor, together with <strong>Chiara Piccinini,<\/strong> one of Enzo&#8217;s daughters, giving voice to the man, his works and words that marked the lives of many. Thanks to the transcripts of his public speeches (made available by the Enzo Piccinini Foundation) and the many unpublished testimonies given by those who had the good fortune to meet him, &#8220;Amico carissimo&#8221; is an intimate and precious account that allows everyone, believers and non-believers alike, to get closer to Enzo Piccinini&#8217;s extraordinary humanity and profound experience of faith. The cause for canonisation currently underway is confirmation of how much he continues to be a human and spiritual reference figure for so many people today.<\/p>\n<\/div>\n<\/div>\n<\/div>\n<\/div>\n<\/div>\n<\/div>\n<\/div>\n<\/div>\n<\/div>\n<\/div>\n<\/div>\n<\/div>\n<\/div><\/section><\/div><div  class='flex_column av-32bjf6-2851f22cb6243577aecf0420ec8af5ca av_one_fifth  avia-builder-el-5  el_after_av_three_fifth  avia-builder-el-last  flex_column_div  '     ><\/div>\n\n<\/div><\/div><\/div><!-- close content main div --><\/div><\/div>\n<style type=\"text\/css\" data-created_by=\"avia_inline_auto\" id=\"style-css-av-8o6go6-32-bd448bd35ec02e029cd6227a1d48cc26\">\n.avia-section.av-8o6go6-32-bd448bd35ec02e029cd6227a1d48cc26{\nbackground-color:#000000;\nbackground-image:unset;\n}\n.avia-section.av-8o6go6-32-bd448bd35ec02e029cd6227a1d48cc26 .av-extra-border-element .av-extra-border-inner{\nbackground-color:#000000;\n}\n<\/style>\n<div id='av_section_2'  class='avia-section av-8o6go6-32-bd448bd35ec02e029cd6227a1d48cc26 alternate_color avia-section-large avia-shadow  avia-builder-el-6  el_after_av_section  el_before_av_one_full  avia-bg-style-scroll av-arrow-down-section container_wrap sidebar_right'  ><div class='container av-section-cont-open' ><div class='template-page content  av-content-small alpha units'><div class='post-entry post-entry-type-page post-entry-6237'><div class='entry-content-wrapper clearfix'>\n\n<style type=\"text\/css\" data-created_by=\"avia_inline_auto\" id=\"style-css-av-4kvnyq-43bb1eb8304b9881037c27a2e5e7397c\">\n.flex_column.av-4kvnyq-43bb1eb8304b9881037c27a2e5e7397c{\nborder-radius:0px 0px 0px 0px;\npadding:0px 0px 0px 0px;\n}\n<\/style>\n<div  class='flex_column av-4kvnyq-43bb1eb8304b9881037c27a2e5e7397c av_one_full  avia-builder-el-7  el_before_av_two_fifth  avia-builder-el-first  first flex_column_div av-zero-column-padding  '     ><style type=\"text\/css\" data-created_by=\"avia_inline_auto\" id=\"style-css-av-knng3hwn-12e27ec58ba83fab2f994b0c06cb8aca\">\n#top .av_textblock_section.av-knng3hwn-12e27ec58ba83fab2f994b0c06cb8aca .avia_textblock{\ncolor:#eeb45e;\n}\n<\/style>\n<section  class='av_textblock_section av-knng3hwn-12e27ec58ba83fab2f994b0c06cb8aca '   itemscope=\"itemscope\" itemtype=\"https:\/\/schema.org\/CreativeWork\" ><div class='avia_textblock av_inherit_color'  itemprop=\"text\" ><h1 style=\"text-align: center;\"><span style=\"color: #eeb45e;\">The authors<\/span><\/h1>\n<\/div><\/section><\/div>\n<style type=\"text\/css\" data-created_by=\"avia_inline_auto\" id=\"style-css-av-4kvnyq-28-08137aee47d7f62c8759f3dd18b8ca59\">\n.flex_column.av-4kvnyq-28-08137aee47d7f62c8759f3dd18b8ca59{\nborder-radius:0px 0px 0px 0px;\npadding:0px 0px 0px 0px;\n}\n<\/style>\n<div  class='flex_column av-4kvnyq-28-08137aee47d7f62c8759f3dd18b8ca59 av_two_fifth  avia-builder-el-9  el_after_av_one_full  el_before_av_three_fifth  first flex_column_div av-zero-column-padding  column-top-margin'     ><style type=\"text\/css\" data-created_by=\"avia_inline_auto\" id=\"style-css-av-knng3ajb-d43d98b51317674eee1d7c0f61b614bb\">\n.avia-image-container.av-knng3ajb-d43d98b51317674eee1d7c0f61b614bb img.avia_image{\nbox-shadow:none;\n}\n.avia-image-container.av-knng3ajb-d43d98b51317674eee1d7c0f61b614bb .av-image-caption-overlay-center{\ncolor:#ffffff;\n}\n<\/style>\n<div  class='avia-image-container av-knng3ajb-d43d98b51317674eee1d7c0f61b614bb av-styling-circle avia-align-center  avia-builder-el-10  avia-builder-el-no-sibling '   itemprop=\"image\" itemscope=\"itemscope\" itemtype=\"https:\/\/schema.org\/ImageObject\" ><div class=\"avia-image-container-inner\"><div class=\"avia-image-overlay-wrap\"><img decoding=\"async\" fetchpriority=\"high\" class='wp-image-6203 avia-img-lazy-loading-not-6203 avia_image ' src=\"https:\/\/www.fondazionepiccinini.org\/wp-content\/uploads\/2024\/05\/Pierpaolo_bellini-1.png\" alt='' title='Pierpaolo_bellini'  height=\"176\" width=\"185\"  itemprop=\"thumbnailUrl\"  \/><\/div><\/div><\/div><\/div>\n<style type=\"text\/css\" data-created_by=\"avia_inline_auto\" id=\"style-css-av-4kvnyq-26-ff758ec716ba4ae1749303ff95c4ab3b\">\n.flex_column.av-4kvnyq-26-ff758ec716ba4ae1749303ff95c4ab3b{\nborder-radius:0px 0px 0px 0px;\npadding:0px 0px 0px 0px;\n}\n<\/style>\n<div  class='flex_column av-4kvnyq-26-ff758ec716ba4ae1749303ff95c4ab3b av_three_fifth  avia-builder-el-11  el_after_av_two_fifth  el_before_av_hr  flex_column_div av-zero-column-padding  column-top-margin'     ><style type=\"text\/css\" data-created_by=\"avia_inline_auto\" id=\"style-css-av-knng3hwn-27-a369e60226ea0479e8c8e6f344cfa558\">\n#top .av_textblock_section.av-knng3hwn-27-a369e60226ea0479e8c8e6f344cfa558 .avia_textblock{\nfont-size:16px;\n}\n<\/style>\n<section  class='av_textblock_section av-knng3hwn-27-a369e60226ea0479e8c8e6f344cfa558 '   itemscope=\"itemscope\" itemtype=\"https:\/\/schema.org\/CreativeWork\" ><div class='avia_textblock'  itemprop=\"text\" ><h3><span style=\"color: #ffffff;\">PIERPAOLO BELLINI<\/span><\/h3>\n<p><span style=\"color: #ffffff;\">He is Associate Professor in Sociology of Cultural Processes at the Department of Humanities, Social Sciences and Education of the University of Molise, where he teaches Sociology of Communication. From 1997 to 2010 he was General Editor of the Spirto Gentil series.<\/span><\/p>\n<\/div><\/section><\/div><div  class='hr av-lw8aa0sr-4658338bb59ae39f54098f69eabf9d1d hr-full  avia-builder-el-13  el_after_av_three_fifth  el_before_av_three_fifth  hr-shadow'><span class='hr-inner '><span class=\"hr-inner-style\"><\/span><\/span><\/div>\n\n<style type=\"text\/css\" data-created_by=\"avia_inline_auto\" id=\"style-css-av-44azte-5d5612dd1bf68d876c40b8fa61e37ea6\">\n.flex_column.av-44azte-5d5612dd1bf68d876c40b8fa61e37ea6{\nborder-radius:0px 0px 0px 0px;\npadding:0px 0px 0px 0px;\n}\n<\/style>\n<div  class='flex_column av-44azte-5d5612dd1bf68d876c40b8fa61e37ea6 av_three_fifth  avia-builder-el-14  el_after_av_hr  el_before_av_two_fifth  first flex_column_div av-zero-column-padding  '     ><style type=\"text\/css\" data-created_by=\"avia_inline_auto\" id=\"style-css-av-lw8ae1g2-abe28597cbfd81e2440b0926cc9e31cc\">\n#top .av_textblock_section.av-lw8ae1g2-abe28597cbfd81e2440b0926cc9e31cc .avia_textblock{\nfont-size:16px;\n}\n<\/style>\n<section  class='av_textblock_section av-lw8ae1g2-abe28597cbfd81e2440b0926cc9e31cc '   itemscope=\"itemscope\" itemtype=\"https:\/\/schema.org\/CreativeWork\" ><div class='avia_textblock'  itemprop=\"text\" ><h3><span style=\"color: #ffffff;\">Chiara Piccinini<\/span><\/h3>\n<p><span style=\"color: #ffffff;\">daughter of Enzo, is a researcher at the Department of Linguistic Sciences and Foreign Literature at the Universit\u00e0 Cattolica del Sacro Cuore<\/span><\/p>\n<\/div><\/section><\/div>\n<style type=\"text\/css\" data-created_by=\"avia_inline_auto\" id=\"style-css-av-272xb6-c8d655a1f6ef37a5d18a1c0d7ccdd836\">\n.flex_column.av-272xb6-c8d655a1f6ef37a5d18a1c0d7ccdd836{\nborder-radius:0px 0px 0px 0px;\npadding:0px 0px 0px 0px;\n}\n<\/style>\n<div  class='flex_column av-272xb6-c8d655a1f6ef37a5d18a1c0d7ccdd836 av_two_fifth  avia-builder-el-16  el_after_av_three_fifth  avia-builder-el-last  flex_column_div av-zero-column-padding  '     ><style type=\"text\/css\" data-created_by=\"avia_inline_auto\" id=\"style-css-av-lw8agpno-c3fc12d0345e0c17f7804ae096b91a90\">\n.avia-image-container.av-lw8agpno-c3fc12d0345e0c17f7804ae096b91a90 img.avia_image{\nbox-shadow:none;\n}\n.avia-image-container.av-lw8agpno-c3fc12d0345e0c17f7804ae096b91a90 .av-image-caption-overlay-center{\ncolor:#ffffff;\n}\n<\/style>\n<div  class='avia-image-container av-lw8agpno-c3fc12d0345e0c17f7804ae096b91a90 av-styling-circle avia-align-center  avia-builder-el-17  avia-builder-el-no-sibling '   itemprop=\"image\" itemscope=\"itemscope\" itemtype=\"https:\/\/schema.org\/ImageObject\" ><div class=\"avia-image-container-inner\"><div class=\"avia-image-overlay-wrap\"><img decoding=\"async\" fetchpriority=\"high\" class='wp-image-6174 avia-img-lazy-loading-not-6174 avia_image ' src=\"https:\/\/www.fondazionepiccinini.org\/wp-content\/uploads\/2024\/05\/chiara-Piccinini-1.png\" alt='' title='chiara Piccinini'  height=\"261\" width=\"266\"  itemprop=\"thumbnailUrl\" srcset=\"https:\/\/www.fondazionepiccinini.org\/wp-content\/uploads\/2024\/05\/chiara-Piccinini-1.png 266w, https:\/\/www.fondazionepiccinini.org\/wp-content\/uploads\/2024\/05\/chiara-Piccinini-1-36x36.png 36w\" sizes=\"(max-width: 266px) 100vw, 266px\" \/><\/div><\/div><\/div><\/div>\n<\/div><\/div><\/div><!-- close content main div --><\/div><div class='av-extra-border-element border-extra-arrow-down'><div class='av-extra-border-outer'><div class='av-extra-border-inner'><\/div><\/div><\/div><\/div><div id='after_section_2'  class='main_color av_default_container_wrap container_wrap sidebar_right'  ><div class='container av-section-cont-open' ><div class='template-page content  av-content-small alpha units'><div class='post-entry post-entry-type-page post-entry-6237'><div class='entry-content-wrapper clearfix'>\n\n<style type=\"text\/css\" data-created_by=\"avia_inline_auto\" id=\"style-css-av-4kvnyq-23-334fdd7a8de522dbf4031a0f7f3cfd52\">\n.flex_column.av-4kvnyq-23-334fdd7a8de522dbf4031a0f7f3cfd52{\nborder-radius:0px 0px 0px 0px;\npadding:0px 0px 0px 0px;\n}\n<\/style>\n<div  class='flex_column av-4kvnyq-23-334fdd7a8de522dbf4031a0f7f3cfd52 av_one_full  avia-builder-el-18  el_after_av_section  el_before_av_section  avia-builder-el-no-sibling  first flex_column_div av-zero-column-padding  '     ><p>\n<style type=\"text\/css\" data-created_by=\"avia_inline_auto\" id=\"style-css-av-kocx805n-6e0b0003e65f5f5ecaf4b1ee907a8503\">\n#top .av-special-heading.av-kocx805n-6e0b0003e65f5f5ecaf4b1ee907a8503{\npadding-bottom:10px;\n}\nbody .av-special-heading.av-kocx805n-6e0b0003e65f5f5ecaf4b1ee907a8503 .av-special-heading-tag .heading-char{\nfont-size:25px;\n}\n.av-special-heading.av-kocx805n-6e0b0003e65f5f5ecaf4b1ee907a8503 .av-subheading{\nfont-size:15px;\n}\n<\/style>\n<div  class='av-special-heading av-kocx805n-6e0b0003e65f5f5ecaf4b1ee907a8503 av-special-heading-h3 blockquote modern-quote modern-centered  avia-builder-el-19  el_before_av_table  avia-builder-el-first  av-linked-heading'><h3 class='av-special-heading-tag '  itemprop=\"headline\"  >You can buy the book at these retailers and in any bookshop throughout Italy<\/h3><div class=\"special-heading-border\"><div class=\"special-heading-inner-border\"><\/div><\/div><\/div><br \/>\n<div class='avia-data-table-wrap av-s2wf2d-569fdb0f9548ab1c2f25b035f595091f avia_responsive_table avia-table-1'><table  class='avia-table avia-data-table avia_pricing_minimal  avia-builder-el-20  el_after_av_heading  avia-builder-el-last '  itemscope=\"itemscope\" itemtype=\"https:\/\/schema.org\/Table\" ><tbody><tr class='avia-heading-row'><th class='avia-center-col'>Itacalibri<\/th><th class='avia-center-col'>Amazon<\/th><th class='avia-center-col'>IBS<\/th><th class='avia-center-col'>Mondadori<\/th><\/tr><tr class='avia-button-row'><td class='avia-center-col'><div  class='avia-button-wrap av-knnkpmu6-adf76eca8925674e71e845cff0a40961-wrap avia-button-center  avia-builder-el-21  el_before_av_button  avia-builder-el-first '><a href='https:\/\/www.itacalibri.it\/catalogo\/chiara-piccinini\/amico-carissimo\/?ai=38259&amp;idC=61756'  class='avia-button av-knnkpmu6-adf76eca8925674e71e845cff0a40961 av-link-btn avia-icon_select-yes-left-icon avia-size-small avia-position-center avia-color-theme-color'  target=\"_blank\"  rel=\"noopener noreferrer\"  aria-label=\"Buy\"><span class='avia_button_icon avia_button_icon_left avia-iconfont avia-font-entypo-fontello' data-av_icon='\ue845' data-av_iconfont='entypo-fontello' ><\/span><span class='avia_iconbox_title' >Buy<\/span><\/a><\/div><br \/>\n<\/td><td class='avia-center-col'><div  class='avia-button-wrap av-knnkq922-90394b80d18183526c60173034148a23-wrap avia-button-center  avia-builder-el-22  el_after_av_button  el_before_av_button '><a href='https:\/\/www.amazon.it\/carissimo-Piccinini-parole-racconti-conosciuto\/dp\/8817188859\/ref=sr_1_1?__mk_it_IT=%C3%85M%C3%85%C5%BD%C3%95%C3%91&amp;crid=20LV1MM3PUHNR&amp;dib=eyJ2IjoiMSJ9.2m6r-ixmHiyUmqDSBfHxJ1yJQZ2Q3QnznAkZcDy1Jn5frHIQobs7UiZOF-jEYrjNMj2owXZmhW-WNAn1R1ZX6NSyFTRJmOML-NzPj6-oDawj0ee_srlF1rrqf57VC4gw2fWsWBMCEfnoMS9Znkjd3U9y9Orz9jTgB5pgqGtua4-2jOjQrg11hQSH7TwGFOknQSXw8nzMSRdAF_K0xoa7KkAG73XQAUwLS1YIqchz48CrXNAdh6ikVQ5oIYVjCStsSSbvmIsIqZ56uyKr7Jq467do-09klO7Nlfhxetl4k2A._eEbAkdijRcuT6MyFWSpHmGO9sRmV1etfGxJkIRQZaw&amp;dib_tag=se&amp;keywords=amico+carissimo&amp;qid=1715804007&amp;sprefix=amico+carissimo%2Caps%2C95&amp;sr=8-1'  class='avia-button av-knnkq922-90394b80d18183526c60173034148a23 av-link-btn avia-icon_select-yes-left-icon avia-size-small avia-position-center avia-color-theme-color'  target=\"_blank\"  rel=\"noopener noreferrer\"  aria-label=\"Buy\"><span class='avia_button_icon avia_button_icon_left avia-iconfont avia-font-entypo-fontello' data-av_icon='\ue924' data-av_iconfont='entypo-fontello' ><\/span><span class='avia_iconbox_title' >Buy<\/span><\/a><\/div><br \/>\n<\/td><td class='avia-center-col'><div  class='avia-button-wrap av-knnkrduk-ebc4867cb4461648699aea9a1aa7aad5-wrap avia-button-center  avia-builder-el-23  el_after_av_button  el_before_av_button '><a href='https:\/\/www.ibs.it\/amico-carissimo-enzo-piccinini-nelle-libro-pier-paolo-bellini-chiara-piccinini\/e\/9788817188852'  class='avia-button av-knnkrduk-ebc4867cb4461648699aea9a1aa7aad5 av-link-btn avia-icon_select-yes-left-icon avia-size-small avia-position-center avia-color-theme-color'  target=\"_blank\"  rel=\"noopener noreferrer\"  aria-label=\"Buy\"><span class='avia_button_icon avia_button_icon_left avia-iconfont avia-font-entypo-fontello' data-av_icon='\ue81f' data-av_iconfont='entypo-fontello' ><\/span><span class='avia_iconbox_title' >Buy<\/span><\/a><\/div><br \/>\n<\/td><td class='avia-center-col'><div  class='avia-button-wrap av-ko5untf9-479eb2b2dc7830af7289e050c4bded78-wrap avia-button-center  avia-builder-el-24  el_after_av_button  avia-builder-el-last '><a href='https:\/\/www.mondadoristore.it\/Amico-carissimo-Enzo-Chiara-Piccinini-Pier-Paolo-Bellini\/eai978881718885\/'  class='avia-button av-ko5untf9-479eb2b2dc7830af7289e050c4bded78 av-link-btn avia-icon_select-yes-left-icon avia-size-small avia-position-center avia-color-theme-color'  target=\"_blank\"  rel=\"noopener noreferrer\"  aria-label=\"Buy\"><span class='avia_button_icon avia_button_icon_left avia-iconfont avia-font-entypo-fontello' data-av_icon='\ue8b1' data-av_iconfont='entypo-fontello' ><\/span><span class='avia_iconbox_title' >Buy<\/span><\/a><\/div><br \/>\n<\/td><\/tr><\/tbody><\/table><\/div><style type='text\/css'>.avia-table-1 td:nth-of-type(1):before { content: 'Itacalibri'; } .avia-table-1 td:nth-of-type(2):before { content: 'Amazon'; } .avia-table-1 td:nth-of-type(3):before { content: 'IBS'; } .avia-table-1 td:nth-of-type(4):before { content: 'Mondadori'; } <\/style><\/p><\/div>\n<\/div><\/div><\/div><!-- close content main div --><\/div><\/div><div id='av_section_3'  class='avia-section av-8o6go6-29-90eba514d5eaa703d286d1ccefe0b8c0 alternate_color avia-section-large avia-shadow  avia-builder-el-25  el_after_av_one_full  el_before_av_section  avia-bg-style-scroll container_wrap sidebar_right'  ><div class='container av-section-cont-open' ><div class='template-page content  av-content-small alpha units'><div class='post-entry post-entry-type-page post-entry-6237'><div class='entry-content-wrapper clearfix'>\n\n<style type=\"text\/css\" data-created_by=\"avia_inline_auto\" id=\"style-css-av-4kvnyq-22-03d2e97f0206b42322093ec7592d5dcd\">\n.flex_column.av-4kvnyq-22-03d2e97f0206b42322093ec7592d5dcd{\nborder-radius:0px 0px 0px 0px;\npadding:0px 0px 0px 0px;\n}\n<\/style>\n<div  class='flex_column av-4kvnyq-22-03d2e97f0206b42322093ec7592d5dcd av_one_full  avia-builder-el-26  el_before_av_one_third  avia-builder-el-first  first flex_column_div av-zero-column-padding  '     ><style type=\"text\/css\" data-created_by=\"avia_inline_auto\" id=\"style-css-av-2ifued-bc870eadf757f2a807d8cccc1ddf4d78\">\n#top .av-special-heading.av-2ifued-bc870eadf757f2a807d8cccc1ddf4d78{\npadding-bottom:10px;\ncolor:#eeb45e;\n}\nbody .av-special-heading.av-2ifued-bc870eadf757f2a807d8cccc1ddf4d78 .av-special-heading-tag .heading-char{\nfont-size:25px;\n}\n.av-special-heading.av-2ifued-bc870eadf757f2a807d8cccc1ddf4d78 .special-heading-inner-border{\nborder-color:#eeb45e;\n}\n.av-special-heading.av-2ifued-bc870eadf757f2a807d8cccc1ddf4d78 .av-subheading{\nfont-size:15px;\n}\n<\/style>\n<div  class='av-special-heading av-2ifued-bc870eadf757f2a807d8cccc1ddf4d78 av-special-heading-h1 custom-color-heading blockquote modern-quote modern-centered  avia-builder-el-27  avia-builder-el-no-sibling  av-linked-heading'><h1 class='av-special-heading-tag '  itemprop=\"headline\"  >Follow the book presentations<\/h1><div class=\"special-heading-border\"><div class=\"special-heading-inner-border\"><\/div><\/div><\/div><\/div>\n<style type=\"text\/css\" data-created_by=\"avia_inline_auto\" id=\"style-css-av-4kvnyq-20-6365b3cb133b157e4dbb13c8ce18be62\">\n.flex_column.av-4kvnyq-20-6365b3cb133b157e4dbb13c8ce18be62{\nborder-radius:0px 0px 0px 0px;\npadding:0px 0px 0px 0px;\n}\n<\/style>\n<div  class='flex_column av-4kvnyq-20-6365b3cb133b157e4dbb13c8ce18be62 av_one_third  avia-builder-el-28  el_after_av_one_full  el_before_av_one_third  first flex_column_div av-zero-column-padding  column-top-margin'     ><p>\n<style type=\"text\/css\" data-created_by=\"avia_inline_auto\" id=\"style-css-av-knnn0f42-1c4eb672bea72683f797d0b64c827611\">\n.av_font_icon.av-knnn0f42-1c4eb672bea72683f797d0b64c827611{\ncolor:#b02b2c;\nborder-color:#b02b2c;\n}\n.avia-svg-icon.av-knnn0f42-1c4eb672bea72683f797d0b64c827611 svg:first-child{\nstroke:#b02b2c;\nfill:#b02b2c;\n}\n.av_font_icon.av-knnn0f42-1c4eb672bea72683f797d0b64c827611 .av-icon-char{\nfont-size:40px;\nline-height:40px;\nwidth:40px;\n}\n<\/style>\n<span  class='av_font_icon av-knnn0f42-1c4eb672bea72683f797d0b64c827611 avia_animate_when_visible av-icon-style-border avia-icon-pos-center avia-iconfont avia-font-entypo-fontello avia-icon-animate'><a href='https:\/\/www.youtube.com\/channel\/UCwA2DMTfN32z7kU6ewWRWDA'  target=\"_blank\"  rel=\"noopener noreferrer\"  class='av-icon-char' data-av_icon='\ue921' data-av_iconfont='entypo-fontello' aria-hidden=\"false\" ><\/a><\/span><br \/>\n\n<style type=\"text\/css\" data-created_by=\"avia_inline_auto\" id=\"style-css-av-knnn3gis-588ea170b6e338bd215410634fc8f35b\">\n#top .hr.hr-invisible.av-knnn3gis-588ea170b6e338bd215410634fc8f35b{\nheight:50px;\n}\n<\/style>\n<div  class='hr av-knnn3gis-588ea170b6e338bd215410634fc8f35b hr-invisible  avia-builder-el-30  el_after_av_font_icon  el_before_av_textblock '><span class='hr-inner '><span class=\"hr-inner-style\"><\/span><\/span><\/div><br \/>\n<section  class='av_textblock_section av-knnlblj3-ccd018b8ca256c2b3342f51d6d0431fe '   itemscope=\"itemscope\" itemtype=\"https:\/\/schema.org\/CreativeWork\" ><div class='avia_textblock'  itemprop=\"text\" ><h4 style=\"text-align: center;\">Youtube channel<\/h4>\n<\/div><\/section><\/p><\/div>\n<style type=\"text\/css\" data-created_by=\"avia_inline_auto\" id=\"style-css-av-4kvnyq-19-bba16740621fd371031f0b70575aaaa4\">\n.flex_column.av-4kvnyq-19-bba16740621fd371031f0b70575aaaa4{\nborder-radius:0px 0px 0px 0px;\npadding:0px 0px 0px 0px;\n}\n<\/style>\n<div  class='flex_column av-4kvnyq-19-bba16740621fd371031f0b70575aaaa4 av_one_third  avia-builder-el-32  el_after_av_one_third  el_before_av_one_third  flex_column_div av-zero-column-padding  column-top-margin'     ><p>\n<style type=\"text\/css\" data-created_by=\"avia_inline_auto\" id=\"style-css-av-knnn0f42-18-fc60dc3e38c9031e4a7f2da42cd5fb62\">\n.av_font_icon.av-knnn0f42-18-fc60dc3e38c9031e4a7f2da42cd5fb62{\ncolor:#1279e8;\nborder-color:#1279e8;\n}\n.avia-svg-icon.av-knnn0f42-18-fc60dc3e38c9031e4a7f2da42cd5fb62 svg:first-child{\nstroke:#1279e8;\nfill:#1279e8;\n}\n.av_font_icon.av-knnn0f42-18-fc60dc3e38c9031e4a7f2da42cd5fb62 .av-icon-char{\nfont-size:40px;\nline-height:40px;\nwidth:40px;\n}\n<\/style>\n<span  class='av_font_icon av-knnn0f42-18-fc60dc3e38c9031e4a7f2da42cd5fb62 avia_animate_when_visible av-icon-style-border avia-icon-pos-center avia-iconfont avia-font-entypo-fontello avia-icon-animate'><a href='https:\/\/www.facebook.com\/FondazionePiccinini'  target=\"_blank\"  rel=\"noopener noreferrer\"  class='av-icon-char' data-av_icon='\ue8f4' data-av_iconfont='entypo-fontello' aria-hidden=\"false\" ><\/a><\/span><br \/>\n\n<style type=\"text\/css\" data-created_by=\"avia_inline_auto\" id=\"style-css-av-knnn3gis-17-31464f321501cc638fb6921085e8eccd\">\n#top .hr.hr-invisible.av-knnn3gis-17-31464f321501cc638fb6921085e8eccd{\nheight:50px;\n}\n<\/style>\n<div  class='hr av-knnn3gis-17-31464f321501cc638fb6921085e8eccd hr-invisible  avia-builder-el-34  el_after_av_font_icon  el_before_av_textblock '><span class='hr-inner '><span class=\"hr-inner-style\"><\/span><\/span><\/div><br \/>\n<section  class='av_textblock_section av-knnlblj3-16-15b5098f06c8d85b7a3e3744f6342f9d '   itemscope=\"itemscope\" itemtype=\"https:\/\/schema.org\/CreativeWork\" ><div class='avia_textblock'  itemprop=\"text\" ><h4 style=\"text-align: center;\">Facebook page<\/h4>\n<\/div><\/section><\/p><\/div>\n<style type=\"text\/css\" data-created_by=\"avia_inline_auto\" id=\"style-css-av-4kvnyq-15-869aee75375bdd899d638df0de79592d\">\n.flex_column.av-4kvnyq-15-869aee75375bdd899d638df0de79592d{\nborder-radius:0px 0px 0px 0px;\npadding:0px 0px 0px 0px;\n}\n<\/style>\n<div  class='flex_column av-4kvnyq-15-869aee75375bdd899d638df0de79592d av_one_third  avia-builder-el-36  el_after_av_one_third  avia-builder-el-last  flex_column_div av-zero-column-padding  column-top-margin'     ><p>\n<style type=\"text\/css\" data-created_by=\"avia_inline_auto\" id=\"style-css-av-knnn0f42-14-6b798f8a7162bc68832877875ec876e4\">\n.av_font_icon.av-knnn0f42-14-6b798f8a7162bc68832877875ec876e4{\ncolor:#b02b2c;\nborder-color:#b02b2c;\n}\n.avia-svg-icon.av-knnn0f42-14-6b798f8a7162bc68832877875ec876e4 svg:first-child{\nstroke:#b02b2c;\nfill:#b02b2c;\n}\n.av_font_icon.av-knnn0f42-14-6b798f8a7162bc68832877875ec876e4 .av-icon-char{\nfont-size:40px;\nline-height:40px;\nwidth:40px;\n}\n<\/style>\n<span  class='av_font_icon av-knnn0f42-14-6b798f8a7162bc68832877875ec876e4 avia_animate_when_visible av-icon-style-border avia-icon-pos-center avia-iconfont avia-font-entypo-fontello avia-icon-animate'><a href='https:\/\/www.25enzopiccinini.it\/'  target=\"_blank\"  rel=\"noopener noreferrer\"  class='av-icon-char' data-av_icon='\ue8ad' data-av_iconfont='entypo-fontello' aria-hidden=\"false\" ><\/a><\/span><br \/>\n\n<style type=\"text\/css\" data-created_by=\"avia_inline_auto\" id=\"style-css-av-knnn3gis-13-ea48f6a97a752bad1cc93f8acd441b33\">\n#top .hr.hr-invisible.av-knnn3gis-13-ea48f6a97a752bad1cc93f8acd441b33{\nheight:50px;\n}\n<\/style>\n<div  class='hr av-knnn3gis-13-ea48f6a97a752bad1cc93f8acd441b33 hr-invisible  avia-builder-el-38  el_after_av_font_icon  el_before_av_textblock '><span class='hr-inner '><span class=\"hr-inner-style\"><\/span><\/span><\/div><br \/>\n<section  class='av_textblock_section av-knnlblj3-12-a6a5b641f27c78009f8a5557aa4f093d '   itemscope=\"itemscope\" itemtype=\"https:\/\/schema.org\/CreativeWork\" ><div class='avia_textblock'  itemprop=\"text\" ><h4 style=\"text-align: center;\">Comitato XXV Enzo Piccinini<\/h4>\n<\/div><\/section><\/p><\/div>\n\n<\/div><\/div><\/div><!-- close content main div --><\/div><\/div><div id='av_section_4'  class='avia-section av-8o6go6-21-f4fdc7660d70dafcb702814245a2bd87 alternate_color avia-section-large avia-shadow  avia-builder-el-40  el_after_av_section  el_before_av_section  avia-bg-style-scroll container_wrap sidebar_right'  ><div class='container av-section-cont-open' ><div class='template-page content  av-content-small alpha units'><div class='post-entry post-entry-type-page post-entry-6237'><div class='entry-content-wrapper clearfix'>\n\n<style type=\"text\/css\" data-created_by=\"avia_inline_auto\" id=\"style-css-av-4kvnyq-11-eacc91e36555d1bda11754384c20af94\">\n.flex_column.av-4kvnyq-11-eacc91e36555d1bda11754384c20af94{\nborder-radius:0px 0px 0px 0px;\npadding:0px 0px 0px 0px;\n}\n<\/style>\n<div  class='flex_column av-4kvnyq-11-eacc91e36555d1bda11754384c20af94 av_one_full  avia-builder-el-41  el_before_av_one_full  avia-builder-el-first  first flex_column_div av-zero-column-padding  '     ><style type=\"text\/css\" data-created_by=\"avia_inline_auto\" id=\"style-css-av-knng3hwn-24-81c114ca21d39e68b456f44fa561eb1e\">\n#top .av_textblock_section.av-knng3hwn-24-81c114ca21d39e68b456f44fa561eb1e .avia_textblock{\ncolor:#eeb45e;\n}\n<\/style>\n<section  class='av_textblock_section av-knng3hwn-24-81c114ca21d39e68b456f44fa561eb1e '   itemscope=\"itemscope\" itemtype=\"https:\/\/schema.org\/CreativeWork\" ><div class='avia_textblock av_inherit_color'  itemprop=\"text\" ><h1 style=\"text-align: center;\"><span style=\"color: #eeb45e;\">Events<\/span><\/h1>\n<\/div><\/section><\/div>\n<style type=\"text\/css\" data-created_by=\"avia_inline_auto\" id=\"style-css-av-4kvnyq-9-7806373adacb02179e36fd3e03af7d53\">\n.flex_column.av-4kvnyq-9-7806373adacb02179e36fd3e03af7d53{\nborder-radius:0px 0px 0px 0px;\npadding:0px 0px 0px 0px;\n}\n<\/style>\n<div  class='flex_column av-4kvnyq-9-7806373adacb02179e36fd3e03af7d53 av_one_full  avia-builder-el-43  el_after_av_one_full  avia-builder-el-last  first flex_column_div av-zero-column-padding  column-top-margin'     ><style type=\"text\/css\" data-created_by=\"avia_inline_auto\" id=\"style-css-av-knnngkku-84ead1304a83a86ae8e959867e189322\">\n.avia-timeline-container.av-knnngkku-84ead1304a83a86ae8e959867e189322 .av-milestone-date{\nfont-size:16px;\n}\n.avia-timeline-container.av-knnngkku-84ead1304a83a86ae8e959867e189322 .av-milestone-title{\nfont-size:14px;\n}\n.avia-timeline-container.av-knnngkku-84ead1304a83a86ae8e959867e189322 .av-milestone-content{\nfont-size:14px;\n}\n<\/style>\n\n<style type=\"text\/css\" data-created_by=\"avia_inline_auto\" id=\"style-css-sub-av-knnngkku-84ead1304a83a86ae8e959867e189322\">\n.avia-timeline-container .av-milestone.av-5ggi39-a9fdb369ea75d63d4127f211a274c11f .av-milestone-icon-inner{\nbackground-color:#eeb45e;\n}\n.avia-timeline-container .av-milestone.av-5ggi39-a9fdb369ea75d63d4127f211a274c11f .av-milestone-indicator{\nbackground-color:#eeb45e;\n}\n.avia-timeline-container .av-milestone.av-5ggi39-a9fdb369ea75d63d4127f211a274c11f .av-milestone-article-footer{\nbackground-color:#eeb45e;\n}\n.avia-timeline-container .av-milestone.av-5zgg05-1c0dd2050221aada50ad3cd8a5fe945a .av-milestone-icon-inner{\nbackground-color:#eeb45e;\n}\n.avia-timeline-container .av-milestone.av-5zgg05-1c0dd2050221aada50ad3cd8a5fe945a .av-milestone-indicator{\nbackground-color:#eeb45e;\n}\n.avia-timeline-container .av-milestone.av-5zgg05-1c0dd2050221aada50ad3cd8a5fe945a .av-milestone-article-footer{\nbackground-color:#eeb45e;\n}\n.avia-timeline-container .av-milestone.av-3atsit-725e49822a453b704bc6c927fdab7594 .av-milestone-icon-inner{\nbackground-color:#eeb45e;\n}\n.avia-timeline-container .av-milestone.av-3atsit-725e49822a453b704bc6c927fdab7594 .av-milestone-indicator{\nbackground-color:#eeb45e;\n}\n.avia-timeline-container .av-milestone.av-3atsit-725e49822a453b704bc6c927fdab7594 .av-milestone-article-footer{\nbackground-color:#eeb45e;\n}\n<\/style>\n<div  id=\"avia-timeline-1\"  class='avia-timeline-container av-knnngkku-84ead1304a83a86ae8e959867e189322 av-slideshow-ui  avia-builder-el-44  avia-builder-el-no-sibling ' ><ul class='avia-timeline avia-timeline-vertical av-milestone-placement-alternate avia-timeline- avia_animate_when_almost_visible'>\n<li  class='av-milestone av-5ggi39-a9fdb369ea75d63d4127f211a274c11f av-animated-generic fade-in av-milestone-valign-baseline av-milestone-odd'><h2 class='av-milestone-date ' id='milestone-sunday-26-of-may-2024' ><strong>Sunday 26 of May 2024<span class='av-milestone-indicator'><\/span><\/strong><\/h2><div class=\"av-milestone-icon-wrap\"><span class='av-milestone-icon milestone_icon avia-font-entypo-fontello'><span class='av-milestone-icon-inner milestone_inner'><i class='milestone-char avia-iconfont avia-font-entypo-fontello' data-av_icon='\ue8d2' data-av_iconfont='entypo-fontello' ><\/i><\/span><\/span><\/div><article class='av-milestone-content-wrap'><div class='av-milestone-contentbox'><header class=\"entry-content-header\" aria-label=\"Milestone: Opening event of the 25th anniversary celebrations of Enzo Piccinini\u2019s ascent to heaven\"><h4 class='av-milestone-title '>Opening event of the 25th anniversary celebrations of Enzo Piccinini\u2019s ascent to heaven<\/h4><\/header><div class='av-milestone-content'><div  class='avia-button-wrap av-2enqph-5909a7a8f9a2b512db65c544370be91b-wrap avia-button-left  avia-builder-el-45  el_before_av_button  avia-builder-el-first '><a href='https:\/\/www.fondazionepiccinini.org\/wp-content\/uploads\/2024\/05\/Loc.evento-26maggio.png'  class='avia-button av-2enqph-5909a7a8f9a2b512db65c544370be91b av-link-btn avia-icon_select-no avia-size-small avia-position-left avia-color-theme-color'  target=\"_blank\"  rel=\"noopener noreferrer\"  aria-label=\"Download the poster\"><span class='avia_iconbox_title' >Download the poster<\/span><\/a><\/div>\n<\/div><\/div><footer class='av-milestone-article-footer entry-footer'><\/footer><\/article><\/li>\n<li  class='av-milestone av-5zgg05-1c0dd2050221aada50ad3cd8a5fe945a av-animated-generic fade-in av-milestone-valign-baseline av-milestone-even'><article class='av-milestone-content-wrap'><div class='av-milestone-contentbox'><header class=\"entry-content-header\" aria-label=\"Milestone: Holy Mass for the 25th anniversary, celebration and book presentation in Modena\"><h4 class='av-milestone-title '>Holy Mass for the 25th anniversary, celebration and book presentation in Modena<\/h4><\/header><div class='av-milestone-content'><div  class='avia-button-wrap av-3niyut-eccb255ef525ede88036ca455be2ec08-wrap avia-button-left  avia-builder-el-46  el_after_av_button  avia-builder-el-last '><a href='https:\/\/www.fondazionepiccinini.org\/wp-content\/uploads\/2024\/05\/2-GIUGNO-official-2.pdf'  class='avia-button av-3niyut-eccb255ef525ede88036ca455be2ec08 av-link-btn avia-icon_select-no avia-size-small avia-position-left avia-color-theme-color'  target=\"_blank\"  rel=\"noopener noreferrer\"  aria-label=\"Download the poster\"><span class='avia_iconbox_title' >Download the poster<\/span><\/a><\/div>\n<\/div><\/div><footer class='av-milestone-article-footer entry-footer'><\/footer><\/article><div class=\"av-milestone-icon-wrap\"><span class='av-milestone-icon milestone_icon avia-font-entypo-fontello'><span class='av-milestone-icon-inner milestone_inner'><i class='milestone-char avia-iconfont avia-font-entypo-fontello' data-av_icon='\ue8d2' data-av_iconfont='entypo-fontello' ><\/i><\/span><\/span><\/div><h2 class='av-milestone-date ' id='milestone-sunday-2-of-june-2024' ><strong>Sunday 2 of June 2024<span class='av-milestone-indicator'><\/span><\/strong><\/h2><\/li>\n<li  class='av-milestone av-3atsit-725e49822a453b704bc6c927fdab7594 av-animated-generic fade-in av-milestone-valign-baseline av-milestone-odd'><h2 class='av-milestone-date ' id='milestone-sunday-23-of-june-2024' ><strong>Sunday 23 of June 2024<span class='av-milestone-indicator'><\/span><\/strong><\/h2><div class=\"av-milestone-icon-wrap\"><span class='av-milestone-icon milestone_icon avia-font-entypo-fontello'><span class='av-milestone-icon-inner milestone_inner'><i class='milestone-char avia-iconfont avia-font-entypo-fontello' data-av_icon='\ue8d2' data-av_iconfont='entypo-fontello' ><\/i><\/span><\/span><\/div><article class='av-milestone-content-wrap'><div class='av-milestone-contentbox'><header class=\"entry-content-header\" aria-label=\"Milestone: Enzo, intensely human, totally of Christ\"><h4 class='av-milestone-title '>Enzo, intensely human, totally of Christ<\/h4><\/header><div class='av-milestone-content'><\/div><\/div><footer class='av-milestone-article-footer entry-footer'><\/footer><\/article><\/li>\n<\/ul><\/div><\/div>\n\n<\/div><\/div><\/div><!-- close content main div --><\/div><\/div>\n<style type=\"text\/css\" data-created_by=\"avia_inline_auto\" id=\"style-css-av-8o6go6-10-f4b010911e5f38bf984fd9c1e8c5fc90\">\n.avia-section.av-8o6go6-10-f4b010911e5f38bf984fd9c1e8c5fc90 .av-extra-border-element .av-extra-border-inner{\nbackground-color:#606060;\n}\n<\/style>\n<div id='av_section_5'  class='avia-section av-8o6go6-10-f4b010911e5f38bf984fd9c1e8c5fc90 alternate_color avia-section-large avia-shadow  avia-builder-el-47  el_after_av_section  el_before_av_section  av-desktop-hide av-medium-hide av-small-hide av-mini-hide avia-bg-style-scroll container_wrap sidebar_right'  ><div class='container av-section-cont-open' ><div class='template-page content  av-content-small alpha units'><div class='post-entry post-entry-type-page post-entry-6237'><div class='entry-content-wrapper clearfix'>\n\n<style type=\"text\/css\" data-created_by=\"avia_inline_auto\" id=\"style-css-av-4kvnyq-8-8927f3bd0249cabea046632fb4b53eb2\">\n.flex_column.av-4kvnyq-8-8927f3bd0249cabea046632fb4b53eb2{\nborder-radius:0px 0px 0px 0px;\npadding:0px 0px 0px 0px;\n}\n<\/style>\n<div  class='flex_column av-4kvnyq-8-8927f3bd0249cabea046632fb4b53eb2 av_one_full  avia-builder-el-48  el_before_av_one_full  avia-builder-el-first  first flex_column_div av-zero-column-padding  '     ><style type=\"text\/css\" data-created_by=\"avia_inline_auto\" id=\"style-css-av-cs291-9415c31891979f558ad57d716dd50ba2\">\n#top .av-special-heading.av-cs291-9415c31891979f558ad57d716dd50ba2{\npadding-bottom:10px;\ncolor:#eeb45e;\n}\nbody .av-special-heading.av-cs291-9415c31891979f558ad57d716dd50ba2 .av-special-heading-tag .heading-char{\nfont-size:25px;\n}\n.av-special-heading.av-cs291-9415c31891979f558ad57d716dd50ba2 .special-heading-inner-border{\nborder-color:#eeb45e;\n}\n.av-special-heading.av-cs291-9415c31891979f558ad57d716dd50ba2 .av-subheading{\nfont-size:15px;\n}\n<\/style>\n<div  class='av-special-heading av-cs291-9415c31891979f558ad57d716dd50ba2 av-special-heading-h1 custom-color-heading blockquote modern-quote modern-centered  avia-builder-el-49  avia-builder-el-no-sibling  av-linked-heading'><h1 class='av-special-heading-tag '  itemprop=\"headline\"  >Recensioni<\/h1><div class=\"special-heading-border\"><div class=\"special-heading-inner-border\"><\/div><\/div><\/div><\/div>\n<style type=\"text\/css\" data-created_by=\"avia_inline_auto\" id=\"style-css-av-4kvnyq-4-be89b183c5010fb0650fc6634f8e4a58\">\n.flex_column.av-4kvnyq-4-be89b183c5010fb0650fc6634f8e4a58{\nborder-radius:0px 0px 0px 0px;\npadding:0px 0px 0px 0px;\n}\n<\/style>\n<div  class='flex_column av-4kvnyq-4-be89b183c5010fb0650fc6634f8e4a58 av_one_full  avia-builder-el-50  el_after_av_one_full  avia-builder-el-last  first flex_column_div av-zero-column-padding  column-top-margin'     ><div  class='avia-testimonial-wrapper av-knnnjmbx-567c5d25a6adaeb7f358bb7348a95ab5 avia-grid-testimonials avia-grid-2-testimonials avia_animate_when_almost_visible' >\n<section class=\"avia-testimonial-row\"><div class='avia-testimonial av-4x0wwl-0edcdb661e714a993596b21a7a7ffb4f avia-testimonial-row-1 avia-first-testimonial flex_column no_margin av_one_half'><div class='avia-testimonial_inner'  itemscope=\"itemscope\" itemtype=\"https:\/\/schema.org\/CreativeWork\" ><div class='avia-testimonial-image'  itemprop=\"image\" ><img loading=\"lazy\" decoding=\"async\" width=\"180\" height=\"180\" src=\"https:\/\/www.fondazionepiccinini.org\/wp-content\/uploads\/2021\/05\/Cesana-180x180.jpg\" class=\"attachment-square size-square\" alt=\"\" srcset=\"https:\/\/www.fondazionepiccinini.org\/wp-content\/uploads\/2021\/05\/Cesana-180x180.jpg 180w, https:\/\/www.fondazionepiccinini.org\/wp-content\/uploads\/2021\/05\/Cesana-80x80.jpg 80w, https:\/\/www.fondazionepiccinini.org\/wp-content\/uploads\/2021\/05\/Cesana-36x36.jpg 36w, https:\/\/www.fondazionepiccinini.org\/wp-content\/uploads\/2021\/05\/Cesana-120x120.jpg 120w, https:\/\/www.fondazionepiccinini.org\/wp-content\/uploads\/2021\/05\/Cesana.jpg 300w\" sizes=\"auto, (max-width: 180px) 100vw, 180px\" \/><\/div><div class='avia-testimonial-content '><div class='avia-testimonial-markup-entry-content'  itemprop=\"text\" ><p><strong>Ho incontrato di nuovo Enzo, il mio amico \u201cvenerabile\u201d nel tour de force dell\u2019infinito<\/strong><\/p>\n<p>L\u2019altro fatto che non conoscevo e che mi ha commosso \u00e8 la corrispondenza tra Enzo e Fiorisa durante il fidanzamento. Si tratta di brevi brani di lettere scritti con grande finezza e sensibilit\u00e0, pieni di un amore vero, fatto di sentimento e di giudizio, che cerca conforto e correzione.<\/p>\n<p>Enzo [\u2026] come risulta dalle lettere a Fiorisa, lo sapeva fin dai vent\u2019anni che era un \u00abcapopolo\u00bb e un \u00abegocentrico\u00bb. Aveva la coscienza chiara della difficolt\u00e0 nel cammino verso l\u2019ideale cristiano. Confessava il bisogno della \u00abverifica con altre persone (quelle del Movimento) senza voler a tutti i costi emergere\u00bb. Una coscienza cos\u00ec a vent\u2019anni nei dialoghi con la fidanzata \u00e8 veramente rara. Enzo era un grande.<\/p>\n<p>In Enzo si dimostra che la natura profonda dell\u2019intelligenza \u00e8 affettiva, sorgente dalla sequela a Giussani e alla compagnia da lui originata. Bardazzi rimarca e documenta che Enzo cercava continuamente la correzione, che, attraverso un paragone gioioso o sofferto, \u00e8 comprensione delle cose e fonte di un\u2019azione certa e indomabile.<\/p>\n<\/div><\/div><div class=\"avia-testimonial-meta\"><div class=\"avia-testimonial-arrow-wrap\"><div class=\"avia-arrow\"><\/div><\/div><div class='avia-testimonial-meta-mini'  itemprop=\"author\" itemscope=\"itemscope\" itemtype=\"https:\/\/schema.org\/Person\" ><strong  class='avia-testimonial-name'  itemprop=\"name\" >Giancarlo Cesana<\/strong><span  class='avia-testimonial-subtitle '  itemprop=\"jobTitle\" >Da Tempi, 14 maggio 2021<\/span><\/div><\/div><\/div><\/div>\n<div class='avia-testimonial av-35fls5-9cb3e260b59f2e13e33c8d31bf534461 avia-testimonial-row-1 avia-last-testimonial flex_column no_margin av_one_half'><div class='avia-testimonial_inner'  itemscope=\"itemscope\" itemtype=\"https:\/\/schema.org\/CreativeWork\" ><div class='avia-testimonial-image'  itemprop=\"image\" ><img loading=\"lazy\" decoding=\"async\" width=\"180\" height=\"180\" src=\"https:\/\/www.fondazionepiccinini.org\/wp-content\/uploads\/2021\/05\/Martino-Cervo-180x180.jpeg\" class=\"attachment-square size-square\" alt=\"\" srcset=\"https:\/\/www.fondazionepiccinini.org\/wp-content\/uploads\/2021\/05\/Martino-Cervo-180x180.jpeg 180w, https:\/\/www.fondazionepiccinini.org\/wp-content\/uploads\/2021\/05\/Martino-Cervo-80x80.jpeg 80w, https:\/\/www.fondazionepiccinini.org\/wp-content\/uploads\/2021\/05\/Martino-Cervo-36x36.jpeg 36w, https:\/\/www.fondazionepiccinini.org\/wp-content\/uploads\/2021\/05\/Martino-Cervo-120x120.jpeg 120w, https:\/\/www.fondazionepiccinini.org\/wp-content\/uploads\/2021\/05\/Martino-Cervo-450x450.jpeg 450w\" sizes=\"auto, (max-width: 180px) 100vw, 180px\" \/><\/div><div class='avia-testimonial-content '><div class='avia-testimonial-markup-entry-content'  itemprop=\"text\" ><p><strong>Storia del medico che ha scoperto che la felicit\u00e0 \u00e8 una cosa seria<\/strong><\/p>\n<p>La crescita professionale del Piccinini chirurgo accompagna infatti i sempre pi\u00f9 numerosi impegni nel Movimento. Il racconto del metodo costruito da Enzo nell\u2019affronto del paziente, fusione italiana di interdisciplinariet\u00e0 appresa in America, talento cristallino e passione per la ricerca, prende nel libro una sconvolgente attualit\u00e0 a causa del covid: momento insopportabilmente dilatato in cui \u00e8 pi\u00f9 difficile trascurare la domanda altrimenti obliata su cosa siano la vita, la morte, la salute, la medicina, il dolore.<\/p>\n<p>Il cuore del libro e forse nei dialoghi con Giussani, pi\u00f9 volte raccontati in pubblico da Piccinini e divorati da tanti su alcuni filmati di YouTube, ma qui legittimati e vivificati.<\/p>\n<p>Il pi\u00f9 clamoroso evento della vita pubblica di Piccinini e forse un\u2019operazione complicatissima compiuta su una paziente ritenuta inoperabile. [\u2026]<\/p>\n<p>Perch\u00e9 il rischio, nel racconto di Bardazzi, non \u00e8 un azzardo sbruffone, n\u00e9 una prova di baldanza superomistica. Piuttosto la certezza riposante e battagliera che si pu\u00f2 combattere sapendo che l\u2019esito non \u00e8 in mano d\u2019uomo. Che la felicit\u00e0 per cui vivere non \u00e8 frutto dell\u2019assenza di sbagli, ma di un cuore semplice e inquieto da tuffare nel mondo.<\/p>\n<p>Doveva avere in mente uomini cos\u00ec Flannery O\u2019Connor, quando, con una pugnace traduzione del Vangelo di Matteo, scrisse: \u201cIl cielo \u00e8 dei violenti&#8221;.<\/p>\n<\/div><\/div><div class=\"avia-testimonial-meta\"><div class=\"avia-testimonial-arrow-wrap\"><div class=\"avia-arrow\"><\/div><\/div><div class='avia-testimonial-meta-mini'  itemprop=\"author\" itemscope=\"itemscope\" itemtype=\"https:\/\/schema.org\/Person\" ><strong  class='avia-testimonial-name'  itemprop=\"name\" >Martino Cervo<\/strong><span  class='avia-testimonial-subtitle '  itemprop=\"jobTitle\" >Giornalista la Verit\u00e0 19 Maggio 2021<\/span><\/div><\/div><\/div><\/div><\/section>\n<section class=\"avia-testimonial-row\"><div class='avia-testimonial av-3jykxx-4c1a86ae86072aaf0f955a62e5fedbde avia-testimonial-row-2 avia-first-testimonial flex_column no_margin av_one_half'><div class='avia-testimonial_inner'  itemscope=\"itemscope\" itemtype=\"https:\/\/schema.org\/CreativeWork\" ><div class='avia-testimonial-image'  itemprop=\"image\" ><img loading=\"lazy\" decoding=\"async\" width=\"180\" height=\"180\" src=\"https:\/\/www.fondazionepiccinini.org\/wp-content\/uploads\/2021\/06\/Marina-Corradi-180x180.jpg\" class=\"attachment-square size-square\" alt=\"\" srcset=\"https:\/\/www.fondazionepiccinini.org\/wp-content\/uploads\/2021\/06\/Marina-Corradi-180x180.jpg 180w, https:\/\/www.fondazionepiccinini.org\/wp-content\/uploads\/2021\/06\/Marina-Corradi-80x80.jpg 80w, https:\/\/www.fondazionepiccinini.org\/wp-content\/uploads\/2021\/06\/Marina-Corradi-36x36.jpg 36w, https:\/\/www.fondazionepiccinini.org\/wp-content\/uploads\/2021\/06\/Marina-Corradi-120x120.jpg 120w\" sizes=\"auto, (max-width: 180px) 100vw, 180px\" \/><\/div><div class='avia-testimonial-content '><div class='avia-testimonial-markup-entry-content'  itemprop=\"text\" ><p><strong>Piccinini, fare il medico per incontrare la felicit\u00e0<\/strong><\/p>\n<p>Ben singolare destino quello di Enzo Piccinini, classe 1951, figlio di coltivatori, segnato ad appena 14 anni dalla morte, sotto ai suoi occhi, di un fratello. Ragazzo instancabile e appassionato, che forse per un istante corse il rischio di bruciare nel terrorismo la sua ansia di vita e di giustizia.<\/p>\n<p>Piccinini si laurea, segue un primario, ne fa il suo maestro, ma presto capisce che \u00e8 un cinico.<\/p>\n<p>Il giovane medico abbandona il maestro; ne cerca altri, anche se dir\u00e0 poi &#8220;chi mi ha insegnato a fare il medico \u00e8 Giussani\u201d. Non la tecnica certo, ma lo sguardo: il paziente \u00e8 prima di tutto una persona.<br \/>\nMa se poi curare non basta, il paziente era per lui uno a cui stare accanto fino all\u2019ultimo. I testimoni raccontano che a chi stava morendo quel medico diceva, da fratello, che \u201ctornare da Dio non \u00e8 un male\u201d.<\/p>\n<p>Un libro, questo, da regalare agli studenti di medicina, perch\u00e9 si chiedono quali medici vogliono essere, e anche ai primari e ai luminari, perch\u00e9 si domandino quali medici sono diventati.<\/p>\n<\/div><\/div><div class=\"avia-testimonial-meta\"><div class=\"avia-testimonial-arrow-wrap\"><div class=\"avia-arrow\"><\/div><\/div><div class='avia-testimonial-meta-mini'  itemprop=\"author\" itemscope=\"itemscope\" itemtype=\"https:\/\/schema.org\/Person\" ><strong  class='avia-testimonial-name'  itemprop=\"name\" >Marina Corradi<\/strong><span  class='avia-testimonial-subtitle '  itemprop=\"jobTitle\" >Giornalista Avvenire 1 Giugno 2021<\/span><span class='hidden avia-testimonial-markup-link'  itemprop=\"url\" >https:\/\/www.avvenire.it\/agora\/pagine\/piccinini-fare-il-medico-per-incontrare-la-felicit<\/span><span class=\"avia-testimonial-subtitle-sep\">&ndash;<\/span><a class='avia-testimonial-link' href='https:\/\/www.avvenire.it\/agora\/pagine\/piccinini-fare-il-medico-per-incontrare-la-felicit' target=\"_blank\" rel=\"noopener noreferrer\">Avvenire<\/a><\/div><\/div><\/div><\/div>\n<div class='avia-testimonial av-32i5hh-2894abba6e7210a58729eb3431083fdc avia-testimonial-row-2 avia-last-testimonial flex_column no_margin av_one_half'><div class='avia-testimonial_inner'  itemscope=\"itemscope\" itemtype=\"https:\/\/schema.org\/CreativeWork\" ><div class='avia-testimonial-image'  itemprop=\"image\" ><img loading=\"lazy\" decoding=\"async\" width=\"180\" height=\"180\" src=\"https:\/\/www.fondazionepiccinini.org\/wp-content\/uploads\/2021\/06\/Aldo-Cazzullo-180x180.jpg\" class=\"attachment-square size-square\" alt=\"\" srcset=\"https:\/\/www.fondazionepiccinini.org\/wp-content\/uploads\/2021\/06\/Aldo-Cazzullo-180x180.jpg 180w, https:\/\/www.fondazionepiccinini.org\/wp-content\/uploads\/2021\/06\/Aldo-Cazzullo-80x80.jpg 80w, https:\/\/www.fondazionepiccinini.org\/wp-content\/uploads\/2021\/06\/Aldo-Cazzullo-36x36.jpg 36w, https:\/\/www.fondazionepiccinini.org\/wp-content\/uploads\/2021\/06\/Aldo-Cazzullo-120x120.jpg 120w, https:\/\/www.fondazionepiccinini.org\/wp-content\/uploads\/2021\/06\/Aldo-Cazzullo.jpg 270w\" sizes=\"auto, (max-width: 180px) 100vw, 180px\" \/><\/div><div class='avia-testimonial-content '><div class='avia-testimonial-markup-entry-content'  itemprop=\"text\" ><p><strong>I preti di Reggio Emilia e il mancato brigatista Beato<\/strong><\/p>\n<p class=\"Corpo\">La storia del chirurgo Piccinini, nei suoi anni giovanili, apre riflessioni importanti. <strong>Enzo Piccinini<\/strong> incontra a Reggio Emilia i futuri cofondatori delle brigate rosse, <em>Alberto Franceschini<\/em>, <em>Prospero Gallinari, Roberto Ognibene<\/em> e gli altri, frequentando tra il 1969 e il 1970 il celebre \u201cAppartamento\u201d dove si ritrovavano. Quella generazione \u00e8 segnata da i drammi della guerra civile e si divide tra percorsi diversi. [\u2026] Piccinini proprio dentro l\u2019Appartamento incontra il cristianesimo e sostiene che la risposta al suo bisogno di giustizia sociale era quella: non Marx, ma Ges\u00f9 Cristo.<\/p>\n<p class=\"Corpo\">Per troppo tempo \u00e8 passato in secondo piano il contributo dato alla Resistenza da tanti partigiani cattolici e monarchici, spesso aiutati da preti e suore.<\/p>\n<\/div><\/div><div class=\"avia-testimonial-meta\"><div class=\"avia-testimonial-arrow-wrap\"><div class=\"avia-arrow\"><\/div><\/div><div class='avia-testimonial-meta-mini'  itemprop=\"author\" itemscope=\"itemscope\" itemtype=\"https:\/\/schema.org\/Person\" ><strong  class='avia-testimonial-name'  itemprop=\"name\" >Aldo Cazzullo<\/strong><span  class='avia-testimonial-subtitle '  itemprop=\"jobTitle\" >Giornalista Corriere della sera 1 Giugno 2021<\/span><span class='hidden avia-testimonial-markup-link'  itemprop=\"url\" >https:\/\/www.corriere.it\/lodicoalcorriere\/index\/31-05-2021\/index.shtml<\/span><span class=\"avia-testimonial-subtitle-sep\">&ndash;<\/span><a class='avia-testimonial-link' href='https:\/\/www.corriere.it\/lodicoalcorriere\/index\/31-05-2021\/index.shtml' target=\"_blank\" rel=\"noopener noreferrer\">Corriere<\/a><\/div><\/div><\/div><\/div><\/section>\n<section class=\"avia-testimonial-row\"><div class='avia-testimonial av-29qhj9-9f0bee1828015e4c2c0a6f62d30c8ce2 avia-testimonial-row-3 avia-first-testimonial flex_column no_margin av_one_half'><div class='avia-testimonial_inner'  itemscope=\"itemscope\" itemtype=\"https:\/\/schema.org\/CreativeWork\" ><div class='avia-testimonial-image'  itemprop=\"image\" ><img loading=\"lazy\" decoding=\"async\" width=\"180\" height=\"180\" src=\"https:\/\/www.fondazionepiccinini.org\/wp-content\/uploads\/2021\/06\/Daniele-Mencarelli-180x180.jpg\" class=\"attachment-square size-square\" alt=\"\" srcset=\"https:\/\/www.fondazionepiccinini.org\/wp-content\/uploads\/2021\/06\/Daniele-Mencarelli-180x180.jpg 180w, https:\/\/www.fondazionepiccinini.org\/wp-content\/uploads\/2021\/06\/Daniele-Mencarelli-80x80.jpg 80w, https:\/\/www.fondazionepiccinini.org\/wp-content\/uploads\/2021\/06\/Daniele-Mencarelli-36x36.jpg 36w, https:\/\/www.fondazionepiccinini.org\/wp-content\/uploads\/2021\/06\/Daniele-Mencarelli-120x120.jpg 120w, https:\/\/www.fondazionepiccinini.org\/wp-content\/uploads\/2021\/06\/Daniele-Mencarelli-450x450.jpg 450w\" sizes=\"auto, (max-width: 180px) 100vw, 180px\" \/><\/div><div class='avia-testimonial-content '><div class='avia-testimonial-markup-entry-content'  itemprop=\"text\" ><p><strong>Vita di un chirurgo felice<\/strong><\/p>\n<p>Un uomo proclamato servo di Dio dalla Chiesa, che fece della sua professione, la chirurgia, esercitata nell\u2019ospedale Sant\u2019Orsola di Bologna, la grande arena in cui sperimentare la sua umanit\u00e0. Piccinini anticip\u00f2 di anni quello che oggi viene studiato e praticato da molti giovani medici: la cura medica come accoglienza dell\u2019umano a 360 gradi, perch\u00e9 \u00e8 semplicemente assurdo credere di poter curare una persona senza accoglierla profondamente presso di noi.<\/p>\n<p>Persona intesa non solo, dunque, come ingranaggio di carne che deve essere riparato, ma come creatura irripetibile, con un patrimonio di storia e amore assolutamente unico. Piccinini anticip\u00f2 di anni questa particolare forma di empatia unita alla medicina non per obbedienza a una avanguardia teoretica da inseguire, ma come profondissima adesione al sentimento cristiano, che fa del corpo dei malati il luogo dove sperimentare la nostra compassione.<\/p>\n<p>[\u2026]<\/p>\n<p>Il libro di Bardazzi vince la scommessa pi\u00f9 difficile, riesce, infatti, a restituire la vitalit\u00e0 di un uomo affamato di alterit\u00e0, capace di trovare soluzioni laddove gli altri vedevano soltanto muri invalicabili.<\/p>\n<p>[\u2026]<\/p>\n<p>Vivere obbedendo a ci\u00f2 che ci chiama da dentro, senza alterazioni possibili. Un traguardo che raggiungono in pochi, pochissimi. Tra di loro, senz\u2019altro, c\u2019\u00e8 Enzo Piccinini, uomo, medico, che viveva la felicit\u00e0 degli altri come la somma della sua felicit\u00e0.<\/p>\n<\/div><\/div><div class=\"avia-testimonial-meta\"><div class=\"avia-testimonial-arrow-wrap\"><div class=\"avia-arrow\"><\/div><\/div><div class='avia-testimonial-meta-mini'  itemprop=\"author\" itemscope=\"itemscope\" itemtype=\"https:\/\/schema.org\/Person\" ><strong  class='avia-testimonial-name'  itemprop=\"name\" >Daniele Mencarelli<\/strong><span  class='avia-testimonial-subtitle '  itemprop=\"jobTitle\" >Poeta e scrittore L\u2019Osservatore Romano 19 giugno 2021<\/span><span class='hidden avia-testimonial-markup-link'  itemprop=\"url\" >https:\/\/www.osservatoreromano.va\/it\/news\/2021-06\/quo-137\/vita-di-un-chirurgo-felice.html<\/span><span class=\"avia-testimonial-subtitle-sep\">&ndash;<\/span><a class='avia-testimonial-link' href='https:\/\/www.osservatoreromano.va\/it\/news\/2021-06\/quo-137\/vita-di-un-chirurgo-felice.html' target=\"_blank\" rel=\"noopener noreferrer\">Osservatore Romano<\/a><\/div><\/div><\/div><\/div>\n<\/section><\/div><\/div>\n\n<\/div><\/div><\/div><!-- close content main div --><\/div><div class='av-extra-border-element border-extra-diagonal  '><div class='av-extra-border-outer'><div class='av-extra-border-inner'><\/div><\/div><\/div><\/div>\n<style type=\"text\/css\" data-created_by=\"avia_inline_auto\" id=\"style-css-av-8o6go6-5-c1f4e082c1e41639f81fc15e6bf7b85b\">\n.avia-section.av-8o6go6-5-c1f4e082c1e41639f81fc15e6bf7b85b .av-extra-border-element .av-extra-border-inner{\nbackground-color:#606060;\n}\n<\/style>\n<div id='av_section_6'  class='avia-section av-8o6go6-5-c1f4e082c1e41639f81fc15e6bf7b85b alternate_color avia-section-large avia-shadow  avia-builder-el-52  el_after_av_section  el_before_av_one_full  avia-bg-style-scroll container_wrap sidebar_right'  ><div class='container av-section-cont-open' ><div class='template-page content  av-content-small alpha units'><div class='post-entry post-entry-type-page post-entry-6237'><div class='entry-content-wrapper clearfix'>\n\n<style type=\"text\/css\" data-created_by=\"avia_inline_auto\" id=\"style-css-av-4kvnyq-3-d598b4e83579fe6f94f7a33fe62a3e1a\">\n.flex_column.av-4kvnyq-3-d598b4e83579fe6f94f7a33fe62a3e1a{\nborder-radius:0px 0px 0px 0px;\npadding:0px 0px 0px 0px;\n}\n<\/style>\n<div  class='flex_column av-4kvnyq-3-d598b4e83579fe6f94f7a33fe62a3e1a av_one_full  avia-builder-el-53  el_before_av_two_fifth  avia-builder-el-first  first flex_column_div av-zero-column-padding  '     ><style type=\"text\/css\" data-created_by=\"avia_inline_auto\" id=\"style-css-av-knnkdwx3-d9bc300a638bdee68e89aa27d7bb05ce\">\n#top .av-special-heading.av-knnkdwx3-d9bc300a638bdee68e89aa27d7bb05ce{\npadding-bottom:10px;\ncolor:#eeb45e;\n}\nbody .av-special-heading.av-knnkdwx3-d9bc300a638bdee68e89aa27d7bb05ce .av-special-heading-tag .heading-char{\nfont-size:25px;\n}\n.av-special-heading.av-knnkdwx3-d9bc300a638bdee68e89aa27d7bb05ce .special-heading-inner-border{\nborder-color:#eeb45e;\n}\n.av-special-heading.av-knnkdwx3-d9bc300a638bdee68e89aa27d7bb05ce .av-subheading{\nfont-size:15px;\n}\n<\/style>\n<div  class='av-special-heading av-knnkdwx3-d9bc300a638bdee68e89aa27d7bb05ce av-special-heading-h1 custom-color-heading blockquote modern-quote modern-centered  avia-builder-el-54  avia-builder-el-no-sibling  av-linked-heading'><h1 class='av-special-heading-tag '  itemprop=\"headline\"  >From 14 of May in the bookshop<\/h1><div class='av_custom_color av-subheading av-subheading_below'><p>Enzo Piccinini&#8217;s life through his words and the testimonies of those closest to him<\/p>\n<\/div><div class=\"special-heading-border\"><div class=\"special-heading-inner-border\"><\/div><\/div><\/div><\/div>\n<style type=\"text\/css\" data-created_by=\"avia_inline_auto\" id=\"style-css-av-4kvnyq-2-f48c392f5f7442120079d79d5a4c3a36\">\n.flex_column.av-4kvnyq-2-f48c392f5f7442120079d79d5a4c3a36{\nborder-radius:0px 0px 0px 0px;\npadding:0px 0px 0px 0px;\n}\n<\/style>\n<div  class='flex_column av-4kvnyq-2-f48c392f5f7442120079d79d5a4c3a36 av_two_fifth  avia-builder-el-55  el_after_av_one_full  el_before_av_three_fifth  first flex_column_div av-zero-column-padding  column-top-margin'     ><style type=\"text\/css\" data-created_by=\"avia_inline_auto\" id=\"style-css-av-knnopwkr-d2031a39c3af665b73281fba62a850a0\">\n.avia-image-container.av-knnopwkr-d2031a39c3af665b73281fba62a850a0 img.avia_image{\nbox-shadow:none;\n}\n.avia-image-container.av-knnopwkr-d2031a39c3af665b73281fba62a850a0 .av-image-caption-overlay-center{\ncolor:#ffffff;\n}\n<\/style>\n<div  class='avia-image-container av-knnopwkr-d2031a39c3af665b73281fba62a850a0 av-styling- avia-align-center  avia-builder-el-56  avia-builder-el-no-sibling '   itemprop=\"image\" itemscope=\"itemscope\" itemtype=\"https:\/\/schema.org\/ImageObject\" ><div class=\"avia-image-container-inner\"><div class=\"avia-image-overlay-wrap\"><img decoding=\"async\" fetchpriority=\"high\" class='wp-image-6178 avia-img-lazy-loading-not-6178 avia_image ' src=\"https:\/\/www.fondazionepiccinini.org\/wp-content\/uploads\/2024\/05\/Amico-Carissimo-671x1030.jpg\" alt='' title='Amico Carissimo'  height=\"1030\" width=\"671\"  itemprop=\"thumbnailUrl\" srcset=\"https:\/\/www.fondazionepiccinini.org\/wp-content\/uploads\/2024\/05\/Amico-Carissimo-671x1030.jpg 671w, https:\/\/www.fondazionepiccinini.org\/wp-content\/uploads\/2024\/05\/Amico-Carissimo-195x300.jpg 195w, https:\/\/www.fondazionepiccinini.org\/wp-content\/uploads\/2024\/05\/Amico-Carissimo-768x1180.jpg 768w, https:\/\/www.fondazionepiccinini.org\/wp-content\/uploads\/2024\/05\/Amico-Carissimo-1000x1536.jpg 1000w, https:\/\/www.fondazionepiccinini.org\/wp-content\/uploads\/2024\/05\/Amico-Carissimo-977x1500.jpg 977w, https:\/\/www.fondazionepiccinini.org\/wp-content\/uploads\/2024\/05\/Amico-Carissimo-459x705.jpg 459w, https:\/\/www.fondazionepiccinini.org\/wp-content\/uploads\/2024\/05\/Amico-Carissimo.jpg 1250w\" sizes=\"(max-width: 671px) 100vw, 671px\" \/><\/div><\/div><\/div><\/div>\n<style type=\"text\/css\" data-created_by=\"avia_inline_auto\" id=\"style-css-av-4kvnyq-1-f1f482a2ebe74a6ec7f1eaec6d8277ab\">\n.flex_column.av-4kvnyq-1-f1f482a2ebe74a6ec7f1eaec6d8277ab{\nborder-radius:0px 0px 0px 0px;\npadding:0px 0px 0px 0px;\n}\n<\/style>\n<div  class='flex_column av-4kvnyq-1-f1f482a2ebe74a6ec7f1eaec6d8277ab av_three_fifth  avia-builder-el-57  el_after_av_two_fifth  avia-builder-el-last  flex_column_div av-zero-column-padding  column-top-margin'     ><style type=\"text\/css\" data-created_by=\"avia_inline_auto\" id=\"style-css-av-knnocxu5-c0c14822e9fe5c177b11ddb2f8198fd6\">\n#top .av_textblock_section.av-knnocxu5-c0c14822e9fe5c177b11ddb2f8198fd6 .avia_textblock{\nfont-size:16px;\n}\n<\/style>\n<section  class='av_textblock_section av-knnocxu5-c0c14822e9fe5c177b11ddb2f8198fd6 '   itemscope=\"itemscope\" itemtype=\"https:\/\/schema.org\/CreativeWork\" ><div class='avia_textblock'  itemprop=\"text\" ><p>The book &#8220;<strong>Amico Carissimo<\/strong>&#8221; reconstructs the living experience of Enzo Piccinini, the esteemed surgeon who died in 1999 and whose 25th ascent to heaven in 2024. <strong>Pier Paolo Bellini,<\/strong> his friend, and <strong>Chiara Piccinini,<\/strong> his daughter, reconstruct the existential themes that were closest to Enzo&#8217;s heart, drawing them from transcriptions of his testimonies and public speeches. The many original testimonies of those who knew him directly document the experience that arose around his words.<\/p>\n<p>What emerges is Enzo&#8217;s ability to contribute to the formation of an original critical thought and thus his vital contribution to the culture of our time, through an educational method aimed at everyone, especially the young, characterised by highlighting what directly linked words to personal experience. What emerges, both from his contributions and from the life stories of his friends, is the profound unity that characterised what Enzo said, his profound Christian faith, and his way of living it integrally.<\/p>\n<p>This text is an opportunity, even for those who did not know him directly, to touch with their own hands the daily adventure that characterised Enzo&#8217;s days, all of which were aimed at fully living the encounter with the Other: an embrace possible for anyone who found themselves sharing even a brief stretch of human experience with him.<\/p>\n<div class=\"page\" title=\"Page 1\">\n<div class=\"layoutArea\">\n<div class=\"column\"><\/div>\n<\/div>\n<\/div>\n<\/div><\/section><\/div><\/div><\/div><\/div><!-- close content main div --><\/div><div class='av-extra-border-element border-extra-diagonal border-extra-diagonal-inverse diagonal-box-shadow'><div class='av-extra-border-outer'><div class='av-extra-border-inner'><\/div><\/div><\/div><\/div><div id='after_section_6'  class='main_color av_default_container_wrap container_wrap sidebar_right'  ><div class='container av-section-cont-open' ><div class='template-page content  av-content-small alpha units'><div class='post-entry post-entry-type-page post-entry-6237'><div class='entry-content-wrapper clearfix'>\n<style type=\"text\/css\" data-created_by=\"avia_inline_auto\" id=\"style-css-av-kntzh2v1-0670fac46d5978f1e3ea56424a1a7688\">\n.flex_column.av-kntzh2v1-0670fac46d5978f1e3ea56424a1a7688{\nborder-radius:0px 0px 0px 0px;\npadding:0px 0px 0px 0px;\n}\n<\/style>\n<div  class='flex_column av-kntzh2v1-0670fac46d5978f1e3ea56424a1a7688 av_one_full  avia-builder-el-59  el_after_av_section  el_before_av_one_full  avia-builder-el-first  first flex_column_div av-zero-column-padding  '     ><p>\n<style type=\"text\/css\" data-created_by=\"avia_inline_auto\" id=\"style-css-av-36tbwl-6fcea858d6e662948752779bd254534a\">\n#top .av-special-heading.av-36tbwl-6fcea858d6e662948752779bd254534a{\npadding-bottom:10px;\n}\nbody .av-special-heading.av-36tbwl-6fcea858d6e662948752779bd254534a .av-special-heading-tag .heading-char{\nfont-size:25px;\n}\n.av-special-heading.av-36tbwl-6fcea858d6e662948752779bd254534a .av-subheading{\nfont-size:15px;\n}\n<\/style>\n<div  class='av-special-heading av-36tbwl-6fcea858d6e662948752779bd254534a av-special-heading-h4  avia-builder-el-60  el_before_av_postslider  avia-builder-el-first  av-linked-heading'><h4 class='av-special-heading-tag '  itemprop=\"headline\"  >Last news on the book<\/h4><div class=\"special-heading-border\"><div class=\"special-heading-inner-border\"><\/div><\/div><\/div><br \/>\n<\/p><\/div>\n<style type=\"text\/css\" data-created_by=\"avia_inline_auto\" id=\"style-css-av-24tg2t-b3a6b836dd398866610b0cc74fe2ec7a\">\n.flex_column.av-24tg2t-b3a6b836dd398866610b0cc74fe2ec7a{\nborder-radius:0px 0px 0px 0px;\npadding:0px 0px 0px 0px;\n}\n<\/style>\n<div  class='flex_column av-24tg2t-b3a6b836dd398866610b0cc74fe2ec7a av_one_full  avia-builder-el-62  el_after_av_one_full  avia-builder-el-last  first flex_column_div av-zero-column-padding  column-top-margin'     ><div  class='av-social-sharing-box av-kavml7ir-dbfdbad037f654452209499edbc6fa2c av-social-sharing-box-minimal  avia-builder-el-63  avia-builder-el-no-sibling  av-social-sharing-box-fullwidth'><div class=\"av-share-box\"><h5 class='av-share-link-description av-no-toc '>Condividi questo articolo<\/h5><ul class=\"av-share-box-list noLightbox\"><li class='av-share-link av-social-link-facebook avia_social_iconfont' ><a target=\"_blank\" aria-label=\"Share on Facebook\" href='https:\/\/www.facebook.com\/sharer.php?u=https:\/\/www.fondazionepiccinini.org\/en\/homepage_en\/libro-2024-amico-carissimo_en\/&#038;t=Book%202024%20%E2%80%93%20Amico%20Carissimo' data-av_icon='\ue8f3' data-av_iconfont='entypo-fontello'  title='' data-avia-related-tooltip='Share on Facebook'><span class='avia_hidden_link_text'>Share on Facebook<\/span><\/a><\/li><li class='av-share-link av-social-link-twitter avia_social_iconfont' ><a target=\"_blank\" aria-label=\"Share on X\" href='https:\/\/twitter.com\/share?text=Book%202024%20%E2%80%93%20Amico%20Carissimo&#038;url=https:\/\/www.fondazionepiccinini.org\/en\/?p=6237' data-av_icon='\ue932' data-av_iconfont='entypo-fontello'  title='' data-avia-related-tooltip='Share on X'><span class='avia_hidden_link_text'>Share on X<\/span><\/a><\/li><li class='av-share-link av-social-link-pinterest avia_social_iconfont' ><a target=\"_blank\" aria-label=\"Share on Pinterest\" href='https:\/\/pinterest.com\/pin\/create\/button\/?url=https%3A%2F%2Fwww.fondazionepiccinini.org%2Fen%2Fhomepage_en%2Flibro-2024-amico-carissimo_en%2F&#038;description=Book%202024%20%E2%80%93%20Amico%20Carissimo&#038;media=' data-av_icon='\ue8f8' data-av_iconfont='entypo-fontello'  title='' data-avia-related-tooltip='Share on Pinterest'><span class='avia_hidden_link_text'>Share on Pinterest<\/span><\/a><\/li><li class='av-share-link av-social-link-linkedin avia_social_iconfont' ><a target=\"_blank\" aria-label=\"Share on LinkedIn\" href='https:\/\/linkedin.com\/shareArticle?mini=true&#038;title=Book%202024%20%E2%80%93%20Amico%20Carissimo&#038;url=https:\/\/www.fondazionepiccinini.org\/en\/homepage_en\/libro-2024-amico-carissimo_en\/' data-av_icon='\ue8fc' data-av_iconfont='entypo-fontello'  title='' data-avia-related-tooltip='Share on LinkedIn'><span class='avia_hidden_link_text'>Share on LinkedIn<\/span><\/a><\/li><li class='av-share-link av-social-link-tumblr avia_social_iconfont' ><a target=\"_blank\" aria-label=\"Share on Tumblr\" href='https:\/\/www.tumblr.com\/share\/link?url=https%3A%2F%2Fwww.fondazionepiccinini.org%2Fen%2Fhomepage_en%2Flibro-2024-amico-carissimo_en%2F&#038;name=Book%202024%20%E2%80%93%20Amico%20Carissimo&#038;description=This%20is%20a%20Page%20excerpt.%20It%20will%20be%20displayed%20for%20search%20results' data-av_icon='\ue8fa' data-av_iconfont='entypo-fontello'  title='' data-avia-related-tooltip='Share on Tumblr'><span class='avia_hidden_link_text'>Share on Tumblr<\/span><\/a><\/li><li class='av-share-link av-social-link-vk avia_social_iconfont' ><a target=\"_blank\" aria-label=\"Share on Vk\" href='https:\/\/vk.com\/share.php?url=https:\/\/www.fondazionepiccinini.org\/en\/homepage_en\/libro-2024-amico-carissimo_en\/' data-av_icon='\ue926' data-av_iconfont='entypo-fontello'  title='' data-avia-related-tooltip='Share on Vk'><span class='avia_hidden_link_text'>Share on Vk<\/span><\/a><\/li><li class='av-share-link av-social-link-reddit avia_social_iconfont' ><a target=\"_blank\" aria-label=\"Share on Reddit\" href='https:\/\/reddit.com\/submit?url=https:\/\/www.fondazionepiccinini.org\/en\/homepage_en\/libro-2024-amico-carissimo_en\/&#038;title=Book%202024%20%E2%80%93%20Amico%20Carissimo' data-av_icon='\ue927' data-av_iconfont='entypo-fontello'  title='' data-avia-related-tooltip='Share on Reddit'><span class='avia_hidden_link_text'>Share on Reddit<\/span><\/a><\/li><li class='av-share-link av-social-link-mail avia_social_iconfont' ><a  aria-label=\"Share by Mail\" href='mailto:?subject=Book%202024%20%E2%80%93%20Amico%20Carissimo&#038;body=https:\/\/www.fondazionepiccinini.org\/en\/homepage_en\/libro-2024-amico-carissimo_en\/' data-av_icon='\ue805' data-av_iconfont='entypo-fontello'  title='' data-avia-related-tooltip='Share by Mail'><span class='avia_hidden_link_text'>Share by Mail<\/span><\/a><\/li><\/ul><\/div><\/div><\/div><\/p>\n","protected":false},"excerpt":{"rendered":"<p>This is a Page excerpt. It will be displayed for search results<\/p>\n","protected":false},"author":1,"featured_media":0,"parent":5929,"menu_order":0,"comment_status":"closed","ping_status":"closed","template":"","meta":{"footnotes":""},"class_list":["post-6237","page","type-page","status-publish","hentry"],"_links":{"self":[{"href":"https:\/\/www.fondazionepiccinini.org\/en\/wp-json\/wp\/v2\/pages\/6237","targetHints":{"allow":["GET"]}}],"collection":[{"href":"https:\/\/www.fondazionepiccinini.org\/en\/wp-json\/wp\/v2\/pages"}],"about":[{"href":"https:\/\/www.fondazionepiccinini.org\/en\/wp-json\/wp\/v2\/types\/page"}],"author":[{"embeddable":true,"href":"https:\/\/www.fondazionepiccinini.org\/en\/wp-json\/wp\/v2\/users\/1"}],"replies":[{"embeddable":true,"href":"https:\/\/www.fondazionepiccinini.org\/en\/wp-json\/wp\/v2\/comments?post=6237"}],"version-history":[{"count":4,"href":"https:\/\/www.fondazionepiccinini.org\/en\/wp-json\/wp\/v2\/pages\/6237\/revisions"}],"predecessor-version":[{"id":6248,"href":"https:\/\/www.fondazionepiccinini.org\/en\/wp-json\/wp\/v2\/pages\/6237\/revisions\/6248"}],"up":[{"embeddable":true,"href":"https:\/\/www.fondazionepiccinini.org\/en\/wp-json\/wp\/v2\/pages\/5929"}],"wp:attachment":[{"href":"https:\/\/www.fondazionepiccinini.org\/en\/wp-json\/wp\/v2\/media?parent=6237"}],"curies":[{"name":"wp","href":"https:\/\/api.w.org\/{rel}","templated":true}]}}