{"id":5873,"date":"2019-03-10T19:00:29","date_gmt":"2019-03-10T18:00:29","guid":{"rendered":"https:\/\/www.fondazionepiccinini.org\/enzo-piccinini_en\/messaggi-ed-omelie\/"},"modified":"2024-06-11T14:03:30","modified_gmt":"2024-06-11T12:03:30","slug":"messages_and_sermons","status":"publish","type":"page","link":"https:\/\/www.fondazionepiccinini.org\/en\/enzo-piccinini_en\/messages_and_sermons\/","title":{"rendered":"Messages and Sermons"},"content":{"rendered":"<div id='full_slider_1'  class='avia-fullwidth-slider main_color avia-shadow   avia-builder-el-0  el_before_av_textblock  avia-builder-el-first   container_wrap sidebar_right'  ><div  class='avia-slideshow av-jt38043w-6381566f435d25482d0b1c5cb93a0776 avia-slideshow-featured av_slideshow_full avia-slide-slider av-slideshow-ui av-control-default av-slideshow-manual av-loop-once av-loop-manual-endless av-default-height-applied   avia-slideshow-1' data-slideshow-options=\"{&quot;animation&quot;:&quot;slide&quot;,&quot;autoplay&quot;:false,&quot;loop_autoplay&quot;:&quot;once&quot;,&quot;interval&quot;:5,&quot;loop_manual&quot;:&quot;manual-endless&quot;,&quot;autoplay_stopper&quot;:false,&quot;noNavigation&quot;:false,&quot;bg_slider&quot;:false,&quot;keep_padding&quot;:false,&quot;hoverpause&quot;:false,&quot;show_slide_delay&quot;:0}\"  itemprop=\"image\" itemscope=\"itemscope\" itemtype=\"https:\/\/schema.org\/ImageObject\" ><ul class='avia-slideshow-inner ' style='padding-bottom: 28.666666666667%;'><li  class='avia-slideshow-slide av-jt38043w-6381566f435d25482d0b1c5cb93a0776__0  av-single-slide slide-1 slide-odd'><div data-rel='slideshow-1' class='avia-slide-wrap '   ><div class='av-slideshow-caption av-jt38043w-6381566f435d25482d0b1c5cb93a0776__0 caption_fullwidth caption_bottom'><div class=\"container caption_container\"><div class=\"slideshow_caption\"><div class=\"slideshow_inner_caption\"><div class=\"slideshow_align_caption\"><h2 class='avia-caption-title '  itemprop=\"name\" >Life and works<\/h2><\/div><\/div><\/div><\/div><\/div><img decoding=\"async\" fetchpriority=\"high\" class=\"wp-image-5447 avia-img-lazy-loading-not-5447\"  src=\"https:\/\/www.fondazionepiccinini.org\/wp-content\/uploads\/2019\/03\/1986-Settembre-ENZO-e-GIUSSANI-ISRAELE-1500x430.jpg\" width=\"1500\" height=\"430\" title='1986 Settembre - ENZO e GIUSSANI - ISRAELE' alt=''  itemprop=\"thumbnailUrl\"   \/><\/div><\/li><\/ul><\/div><\/div><div id='after_full_slider_1'  class='main_color av_default_container_wrap container_wrap sidebar_right'  ><div class='container av-section-cont-open' ><div class='template-page content  av-content-small alpha units'><div class='post-entry post-entry-type-page post-entry-5873'><div class='entry-content-wrapper clearfix'>\n<section  class='av_textblock_section av-jt3fu2bm-ad7ec5f44110a8a39a32aa27101a234b '   itemscope=\"itemscope\" itemtype=\"https:\/\/schema.org\/CreativeWork\" ><div class='avia_textblock'  itemprop=\"text\" ><h3>Messages and Sermons<\/h3>\n<\/div><\/section>\n\n<style type=\"text\/css\" data-created_by=\"avia_inline_auto\" id=\"style-css-av-ua1bsg-be00f7ee15000096d77bfb1e3ce20d78\">\n.flex_column.av-ua1bsg-be00f7ee15000096d77bfb1e3ce20d78{\nborder-radius:0px 0px 0px 0px;\npadding:0px 0px 0px 0px;\n}\n<\/style>\n<div  class='flex_column av-ua1bsg-be00f7ee15000096d77bfb1e3ce20d78 av_one_full  avia-builder-el-2  el_after_av_textblock  el_before_av_hr  first flex_column_div av-zero-column-padding  column-top-margin'     ><section  class='av_textblock_section av-jt381b5j-2895833b41135220b94037bb30b2d61b '   itemscope=\"itemscope\" itemtype=\"https:\/\/schema.org\/CreativeWork\" ><div class='avia_textblock'  itemprop=\"text\" ><h3>Message from Fr Giussani to all the Communion and Liberation communities in Italy and around the world<\/h3>\n<h4>Milan, may 26, 1999<\/h4>\n<p>It is with great sorrow that I ask every Cl community in Italy and around the world to come together to say a Holy Mass in which we pray to God that we may inherit the same faith as he did.<br \/>\nIt is certainly the greatest sorrow with which God is testing our entire Fraternity at this time, because Enzo was a man who, from the intuition he had in dialogue with me 30 years ago, said his &#8216;yes&#8217; to Christ with an astonishing dedication, intelligent and integral as a perspective, and made his life all about Christ and his Church. The most impressive thing for me is that her adherence to Christ was so all-encompassing that there was no day that she did not seek the human glory of Christ in every way.<\/p>\n<blockquote>\n<p>What does the mystery of God ask of us in such a trial of great suffering? It asks us to always remember Christ as the meaning of life, at all levels and in all fields: &#8220;Christ is everything in all&#8221;.<\/p>\n<\/blockquote>\n<\/div><\/section><br \/>\n<div  class='avia-button-wrap av-lqc8mmn6-3122748a80db58a07f910732d9575591-wrap avia-button-left  avia-builder-el-4  el_after_av_textblock  avia-builder-el-last '><a href='https:\/\/www.fondazionepiccinini.org\/wp-content\/uploads\/2019\/09\/1999_05_26_Messaggio-di-don-Giussani.pdf'  class='avia-button av-lqc8mmn6-3122748a80db58a07f910732d9575591 av-link-btn avia-icon_select-yes-left-icon avia-size-medium avia-position-left avia-color-theme-color'  target=\"_blank\"  rel=\"noopener noreferrer\"  aria-label=\"Full Version (Italian)\"><span class='avia_button_icon avia_button_icon_left avia-iconfont avia-font-entypo-fontello' data-av_icon='\ue84c' data-av_iconfont='entypo-fontello' ><\/span><span class='avia_iconbox_title' >Full Version (Italian)<\/span><\/a><\/div><\/p><\/div>\n<div  class='hr av-jt3ftsa8-c8c50e353e45c70db0e0c30ae6ec18ff hr-short  avia-builder-el-5  el_after_av_one_full  el_before_av_one_full  hr-left'><span class='hr-inner '><span class=\"hr-inner-style\"><\/span><\/span><\/div>\n\n<style type=\"text\/css\" data-created_by=\"avia_inline_auto\" id=\"style-css-av-scr44g-3be5b536f6a246de54682057edfae1ad\">\n.flex_column.av-scr44g-3be5b536f6a246de54682057edfae1ad{\nborder-radius:0px 0px 0px 0px;\npadding:0px 0px 0px 0px;\n}\n<\/style>\n<div  class='flex_column av-scr44g-3be5b536f6a246de54682057edfae1ad av_one_full  avia-builder-el-6  el_after_av_hr  el_before_av_hr  first flex_column_div av-zero-column-padding  '     ><section  class='av_textblock_section av-jt381b5j-2895833b41135220b94037bb30b2d61b '   itemscope=\"itemscope\" itemtype=\"https:\/\/schema.org\/CreativeWork\" ><div class='avia_textblock'  itemprop=\"text\" ><h3>Funeral of Enzo Piccinini<\/h3>\n<h4>Saturday, may 29, 1999 \u2013 Basilica of San Petronio, Bologna<\/h4>\n<p>Sermon by S.E. Card. <strong>Giacomo Biffi<\/strong><br \/>\nCardinal of Bologna<\/p>\n<p>A word of Jesus has given us a glimpse of the logic of our God &#8211; who is the Father of the Crucified of Golgotha &#8211; and thus helps us to look forward with a trusting heart and a calming eye: &#8220;If the grain of wheat that falls into the earth does not die, it remains alone; but if it dies, it bears much fruit&#8221; (Jn 12:24).<\/p>\n<blockquote>\n<p>God knows the paths that lead the lives of his own to a wider and more decisive fruitfulness, and transform our sufferings into redemptive energy for the benefit of all our brothers and sisters. With this persuasion, the Apostle Paul can boldly write: &#8220;I complete in my flesh what is lacking in Christ&#8217;s afflictions for the sake of his body, which is the Church&#8221; (Col 1:24).<\/p>\n<\/blockquote>\n<\/div><\/section><br \/>\n<div  class='avia-button-wrap av-jt382smd-517ffca10d08a64b3fc86221dd8726ce-wrap avia-button-left  avia-builder-el-8  el_after_av_textblock  avia-builder-el-last '><a href='https:\/\/www.fondazionepiccinini.org\/wp-content\/uploads\/2019\/09\/1999_05_29_Omelia-Card-Biffi.pdf'  class='avia-button av-jt382smd-517ffca10d08a64b3fc86221dd8726ce av-link-btn avia-icon_select-yes-left-icon avia-size-medium avia-position-left avia-color-theme-color-highlight'  target=\"_blank\"  rel=\"noopener noreferrer\"  aria-label=\"Full Version (Italian)\"><span class='avia_button_icon avia_button_icon_left avia-iconfont avia-font-entypo-fontello' data-av_icon='\ue84d' data-av_iconfont='entypo-fontello' ><\/span><span class='avia_iconbox_title' >Full Version (Italian)<\/span><\/a><\/div><\/p><\/div>\n<div  class='hr av-jt3ftsa8-c8c50e353e45c70db0e0c30ae6ec18ff hr-short  avia-builder-el-9  el_after_av_one_full  el_before_av_one_full  hr-left'><span class='hr-inner '><span class=\"hr-inner-style\"><\/span><\/span><\/div>\n\n<style type=\"text\/css\" data-created_by=\"avia_inline_auto\" id=\"style-css-av-r5ceeo-94dbf3c9e8d23539318805e660af02cb\">\n.flex_column.av-r5ceeo-94dbf3c9e8d23539318805e660af02cb{\nborder-radius:0px 0px 0px 0px;\npadding:0px 0px 0px 0px;\n}\n<\/style>\n<div  class='flex_column av-r5ceeo-94dbf3c9e8d23539318805e660af02cb av_one_full  avia-builder-el-10  el_after_av_hr  el_before_av_hr  first flex_column_div av-zero-column-padding  '     ><section  class='av_textblock_section av-jt381b5j-1e20fac2d5bafa716163c4978529b384 '   itemscope=\"itemscope\" itemtype=\"https:\/\/schema.org\/CreativeWork\" ><div class='avia_textblock'  itemprop=\"text\" ><h3>Messaggio di don Giussani in occasione del I Anniversario del <em>Dies Natalis<\/em> di Enzo Piccinini<\/h3>\n<h4>Bologna, 26 maggio 2000<\/h4>\n<p>Quando la mia povera mamma, guardando in cielo l\u2019ultima stella del mattino, diceva a me bambino: \u00abCome \u00e8 bello il mondo e come \u00e8 grande Dio\u00bb, era sulla soglia del compimento finale, sulla porta della fine, quella in cui tutto diventa chiaro come alba piena.<\/p>\n<p>Proprio un anno fa Enzo ha superato quella soglia definitivamente, misteriosamente. Improvvisamente, ma non da sprovveduto. Ogni istante della sua vita, infatti, di lui cos\u00ec puro e consegnato a Ges\u00f9 &#8211; dopo l\u2019incontro che gli aveva trasformato la fattura perfino di certi tratti del temperamento, altri esaltandone -, si era disteso in un anticipo del compimento finale, come un camminare nella nebbia attraverso fatiche e debolezze, fino a quel punto in cui la nebbia si indora perch\u00e9 esce il sole.<\/p>\n<blockquote>\n<p>Chiediamo a Enzo di aiutarci a camminare di luce in luce, come arriva a dire anche il grande Eliot, tutto accettando per la gloria di Ges\u00f9, affinch\u00e9 siamo a essere come lui compagni al destino l\u2019uno per l\u2019altro.<\/p>\n<\/blockquote>\n<\/div><\/section><br \/>\n<div  class='avia-button-wrap av-jt382smd-7e457033d904f18e1d7ae688b226acc2-wrap avia-button-left  avia-builder-el-12  el_after_av_textblock  avia-builder-el-last '><a href='https:\/\/www.fondazionepiccinini.org\/wp-content\/uploads\/2019\/09\/2000_05_26_Messaggio-di-don-Giussani.pdf'  class='avia-button av-jt382smd-7e457033d904f18e1d7ae688b226acc2 av-link-btn avia-icon_select-yes-left-icon avia-size-medium avia-position-left avia-color-theme-color-highlight'  target=\"_blank\"  rel=\"noopener noreferrer\"  aria-label=\"Versione Integrale\"><span class='avia_button_icon avia_button_icon_left avia-iconfont avia-font-entypo-fontello' data-av_icon='\ue84d' data-av_iconfont='entypo-fontello' ><\/span><span class='avia_iconbox_title' >Versione Integrale<\/span><\/a><\/div><\/p><\/div>\n<div  class='hr av-jt3ftsa8-c8c50e353e45c70db0e0c30ae6ec18ff hr-short  avia-builder-el-13  el_after_av_one_full  el_before_av_one_full  hr-left'><span class='hr-inner '><span class=\"hr-inner-style\"><\/span><\/span><\/div>\n\n<style type=\"text\/css\" data-created_by=\"avia_inline_auto\" id=\"style-css-av-g9llsg-21801d02b2565f7e883232a5beee712e\">\n.flex_column.av-g9llsg-21801d02b2565f7e883232a5beee712e{\nborder-radius:0px 0px 0px 0px;\npadding:0px 0px 0px 0px;\n}\n<\/style>\n<div  class='flex_column av-g9llsg-21801d02b2565f7e883232a5beee712e av_one_full  avia-builder-el-14  el_after_av_hr  el_before_av_hr  first flex_column_div av-zero-column-padding  '     ><section  class='av_textblock_section av-jt381b5j-1e20fac2d5bafa716163c4978529b384 '   itemscope=\"itemscope\" itemtype=\"https:\/\/schema.org\/CreativeWork\" ><div class='avia_textblock'  itemprop=\"text\" ><h3>IX Anniversario <em>Dies Natalis<\/em> Enzo Piccinini<\/h3>\n<h4>26 maggio 2008 \u2013 Duomo di Modena<\/h4>\n<p>Omelia di <strong>don Massimo Camisasca<\/strong><\/p>\n<\/div><\/section><br \/>\n<div  class='avia-button-wrap av-jt382smd-9469bbd1744b0d86c354f5515259e7e2-wrap avia-button-left  avia-builder-el-16  el_after_av_textblock  avia-builder-el-last '><a href='https:\/\/www.fondazionepiccinini.org\/wp-content\/uploads\/2023\/10\/2008_05_26_IX-Anniversario-Omelia-Camisasca.pdf'  class='avia-button av-jt382smd-9469bbd1744b0d86c354f5515259e7e2 av-link-btn avia-icon_select-yes-left-icon avia-size-medium avia-position-left avia-color-theme-color-highlight'  target=\"_blank\"  rel=\"noopener noreferrer\"  aria-label=\"Versione Integrale\"><span class='avia_button_icon avia_button_icon_left avia-iconfont avia-font-entypo-fontello' data-av_icon='\ue84d' data-av_iconfont='entypo-fontello' ><\/span><span class='avia_iconbox_title' >Versione Integrale<\/span><\/a><\/div><\/p><\/div>\n<div  class='hr av-jt3ftsa8-c8c50e353e45c70db0e0c30ae6ec18ff hr-short  avia-builder-el-17  el_after_av_one_full  el_before_av_one_full  hr-left'><span class='hr-inner '><span class=\"hr-inner-style\"><\/span><\/span><\/div>\n\n<style type=\"text\/css\" data-created_by=\"avia_inline_auto\" id=\"style-css-av-pvc0s0-1c3f362039e132744e5a5a8ae9b93367\">\n.flex_column.av-pvc0s0-1c3f362039e132744e5a5a8ae9b93367{\nborder-radius:0px 0px 0px 0px;\npadding:0px 0px 0px 0px;\n}\n<\/style>\n<div  class='flex_column av-pvc0s0-1c3f362039e132744e5a5a8ae9b93367 av_one_full  avia-builder-el-18  el_after_av_hr  el_before_av_hr  first flex_column_div av-zero-column-padding  '     ><section  class='av_textblock_section av-jt381b5j-1e20fac2d5bafa716163c4978529b384 '   itemscope=\"itemscope\" itemtype=\"https:\/\/schema.org\/CreativeWork\" ><div class='avia_textblock'  itemprop=\"text\" ><h3>X Anniversario <em>Dies Natalis<\/em> Enzo Piccinini<\/h3>\n<h4>Luned\u00ec 25 maggio 2009 \u2013 Duomo di Modena<\/h4>\n<p>Omelia di don <strong>Juli\u00e1n Carr\u00f3n<\/strong><br \/>\npresidente della Fraternit\u00e0 di Comunione e Liberazione<\/p>\n<p>Se c\u2019\u00e8 un sentimento che ci accomuna tutti questa sera \u00e8 la gratitudine per avere in qualche modo conosciuto, intercettato, Enzo nella nostra vita. \u00c8 una gratitudine sconfinata a Cristo che ce l\u2019ha dato, che lo ha generato per mettere davanti a tutti noi che cosa pu\u00f2 essere la vita quando uno, come lui, realizza quello che leggiamo sulla sua tomba: \u00abNella semplicit\u00e0 del mio cuore lietamente ti ho offerto tutto\u00bb.<\/p>\n<blockquote>\n<p>Noi adesso conosciamo meglio il significato di questa frase, non soltanto perch\u00e9 qualcuno ce la spiega, ma perch\u00e9 sappiamo veramente qual \u00e8 il frutto, l\u2019intensit\u00e0, l\u2019umanit\u00e0 che pu\u00f2 generare una semplicit\u00e0 come quella che abbiamo visto in Enzo, che lietamente offre tutto.<\/p>\n<\/blockquote>\n<p>Questa semplicit\u00e0 genera una personalit\u00e0 cos\u00ec travolgente, cos\u00ec presente nel reale, cos\u00ec in grado di coincidere con se stessa in quello che fa, cos\u00ec appassionata a tutto che tutti noi, dieci anni dopo la morte di Enzo, siamo ancora colpiti \u2013 anche se l\u2019abbiamo frequentato poco, come me \u2013 di quando abbiamo avuto la fortuna di vederlo all\u2019opera, di sperimentare nella vicinanza a lui qualche sfumatura di quella passione travolgente che lo contrassegnava.<\/p>\n<\/div><\/section><br \/>\n<div  class='avia-button-wrap av-jt382smd-349570607bf2d13fc94cafee10c156f1-wrap avia-button-left  avia-builder-el-20  el_after_av_textblock  avia-builder-el-last '><a href='https:\/\/www.fondazionepiccinini.org\/wp-content\/uploads\/2019\/06\/2009_05_25_X-Anniversario-Omelia-Carron.pdf'  class='avia-button av-jt382smd-349570607bf2d13fc94cafee10c156f1 av-link-btn avia-icon_select-yes-left-icon avia-size-medium avia-position-left avia-color-theme-color-highlight'  target=\"_blank\"  rel=\"noopener noreferrer\"  aria-label=\"Versione Integrale\"><span class='avia_button_icon avia_button_icon_left avia-iconfont avia-font-entypo-fontello' data-av_icon='\ue84d' data-av_iconfont='entypo-fontello' ><\/span><span class='avia_iconbox_title' >Versione Integrale<\/span><\/a><\/div><\/p><\/div>\n<div  class='hr av-jt3ftsa8-c8c50e353e45c70db0e0c30ae6ec18ff hr-short  avia-builder-el-21  el_after_av_one_full  el_before_av_one_full  hr-left'><span class='hr-inner '><span class=\"hr-inner-style\"><\/span><\/span><\/div>\n\n<style type=\"text\/css\" data-created_by=\"avia_inline_auto\" id=\"style-css-av-dzb2k0-2423fae05ceb306288e3ce531cea993b\">\n.flex_column.av-dzb2k0-2423fae05ceb306288e3ce531cea993b{\nborder-radius:0px 0px 0px 0px;\npadding:0px 0px 0px 0px;\n}\n<\/style>\n<div  class='flex_column av-dzb2k0-2423fae05ceb306288e3ce531cea993b av_one_full  avia-builder-el-22  el_after_av_hr  el_before_av_hr  first flex_column_div av-zero-column-padding  '     ><section  class='av_textblock_section av-jt381b5j-1e20fac2d5bafa716163c4978529b384 '   itemscope=\"itemscope\" itemtype=\"https:\/\/schema.org\/CreativeWork\" ><div class='avia_textblock'  itemprop=\"text\" ><h3>XI Anniversario <em>Dies Natalis<\/em> Enzo Piccinini<\/h3>\n<h4>26 maggio 2010 \u2013 Duomo di Modena<\/h4>\n<p>Omelia di <strong>don Jonah Lynch<\/strong><\/p>\n<\/div><\/section><br \/>\n<div  class='avia-button-wrap av-jt382smd-75c637f3545001cf24fe01483c00e1aa-wrap avia-button-left  avia-builder-el-24  el_after_av_textblock  avia-builder-el-last '><a href='https:\/\/www.fondazionepiccinini.org\/wp-content\/uploads\/2023\/10\/2010_05_26_XI-Anniversario-Omelia-don-Lynch.pdf'  class='avia-button av-jt382smd-75c637f3545001cf24fe01483c00e1aa av-link-btn avia-icon_select-yes-left-icon avia-size-medium avia-position-left avia-color-theme-color-highlight'  target=\"_blank\"  rel=\"noopener noreferrer\"  aria-label=\"Versione Integrale\"><span class='avia_button_icon avia_button_icon_left avia-iconfont avia-font-entypo-fontello' data-av_icon='\ue84d' data-av_iconfont='entypo-fontello' ><\/span><span class='avia_iconbox_title' >Versione Integrale<\/span><\/a><\/div><\/p><\/div>\n<div  class='hr av-jt3ftsa8-c8c50e353e45c70db0e0c30ae6ec18ff hr-short  avia-builder-el-25  el_after_av_one_full  el_before_av_one_full  hr-left'><span class='hr-inner '><span class=\"hr-inner-style\"><\/span><\/span><\/div>\n\n<style type=\"text\/css\" data-created_by=\"avia_inline_auto\" id=\"style-css-av-d4ibfk-c32531b61fe4233e5333763df338c276\">\n.flex_column.av-d4ibfk-c32531b61fe4233e5333763df338c276{\nborder-radius:0px 0px 0px 0px;\npadding:0px 0px 0px 0px;\n}\n<\/style>\n<div  class='flex_column av-d4ibfk-c32531b61fe4233e5333763df338c276 av_one_full  avia-builder-el-26  el_after_av_hr  el_before_av_hr  first flex_column_div av-zero-column-padding  '     ><section  class='av_textblock_section av-jt381b5j-1e20fac2d5bafa716163c4978529b384 '   itemscope=\"itemscope\" itemtype=\"https:\/\/schema.org\/CreativeWork\" ><div class='avia_textblock'  itemprop=\"text\" ><h3>XII Anniversario <em>Dies Natalis<\/em> Enzo Piccinini<\/h3>\n<h4>26 maggio 2011 \u2013 Duomo di Modena<\/h4>\n<p>Omelia di <strong>don Ambrogio Pisoni<\/strong><\/p>\n<\/div><\/section><br \/>\n<div  class='avia-button-wrap av-jt382smd-e6ac8fd15d1d13d76000d9a04492df1d-wrap avia-button-left  avia-builder-el-28  el_after_av_textblock  avia-builder-el-last '><a href='https:\/\/www.fondazionepiccinini.org\/wp-content\/uploads\/2023\/10\/2011_05_26_XII-Anniversario-Omelia-don-Ambrogio.pdf'  class='avia-button av-jt382smd-e6ac8fd15d1d13d76000d9a04492df1d av-link-btn avia-icon_select-yes-left-icon avia-size-medium avia-position-left avia-color-theme-color-highlight'  target=\"_blank\"  rel=\"noopener noreferrer\"  aria-label=\"Versione Integrale\"><span class='avia_button_icon avia_button_icon_left avia-iconfont avia-font-entypo-fontello' data-av_icon='\ue84d' data-av_iconfont='entypo-fontello' ><\/span><span class='avia_iconbox_title' >Versione Integrale<\/span><\/a><\/div><\/p><\/div>\n<div  class='hr av-jt3ftsa8-c8c50e353e45c70db0e0c30ae6ec18ff hr-short  avia-builder-el-29  el_after_av_one_full  el_before_av_one_full  hr-left'><span class='hr-inner '><span class=\"hr-inner-style\"><\/span><\/span><\/div>\n\n<style type=\"text\/css\" data-created_by=\"avia_inline_auto\" id=\"style-css-av-aoaqg0-d3e63c2a169d5648903cc59faadf9b04\">\n.flex_column.av-aoaqg0-d3e63c2a169d5648903cc59faadf9b04{\nborder-radius:0px 0px 0px 0px;\npadding:0px 0px 0px 0px;\n}\n<\/style>\n<div  class='flex_column av-aoaqg0-d3e63c2a169d5648903cc59faadf9b04 av_one_full  avia-builder-el-30  el_after_av_hr  el_before_av_hr  first flex_column_div av-zero-column-padding  '     ><section  class='av_textblock_section av-jt381b5j-1e20fac2d5bafa716163c4978529b384 '   itemscope=\"itemscope\" itemtype=\"https:\/\/schema.org\/CreativeWork\" ><div class='avia_textblock'  itemprop=\"text\" ><h3>XIV Anniversario <em>Dies Natalis<\/em> Enzo Piccinini<\/h3>\n<h4>26 maggio 2013 \u2013 Basilica della Ghiara, Reggio Emilia<\/h4>\n<p>Omelia di <strong>S.E. Mons. Massimo Camisasca<\/strong><\/p>\n<p>Vescovo di Reggio Emilia-Guastalla<\/p>\n<\/div><\/section><br \/>\n<div  class='avia-button-wrap av-jt382smd-d7a64d92fff00a609bf648e06df76a23-wrap avia-button-left  avia-builder-el-32  el_after_av_textblock  avia-builder-el-last '><a href='https:\/\/www.fondazionepiccinini.org\/wp-content\/uploads\/2023\/10\/2013_05_26_XIV-Anniversario-Omelia-Camisasca.pdf'  class='avia-button av-jt382smd-d7a64d92fff00a609bf648e06df76a23 av-link-btn avia-icon_select-yes-left-icon avia-size-medium avia-position-left avia-color-theme-color-highlight'  target=\"_blank\"  rel=\"noopener noreferrer\"  aria-label=\"Versione Integrale\"><span class='avia_button_icon avia_button_icon_left avia-iconfont avia-font-entypo-fontello' data-av_icon='\ue84d' data-av_iconfont='entypo-fontello' ><\/span><span class='avia_iconbox_title' >Versione Integrale<\/span><\/a><\/div><\/p><\/div>\n<div  class='hr av-jt3ftsa8-c8c50e353e45c70db0e0c30ae6ec18ff hr-short  avia-builder-el-33  el_after_av_one_full  el_before_av_one_full  hr-left'><span class='hr-inner '><span class=\"hr-inner-style\"><\/span><\/span><\/div>\n\n<style type=\"text\/css\" data-created_by=\"avia_inline_auto\" id=\"style-css-av-8wpur4-f6883650f0271b6c7f0b5e345c8f3aa7\">\n.flex_column.av-8wpur4-f6883650f0271b6c7f0b5e345c8f3aa7{\nborder-radius:0px 0px 0px 0px;\npadding:0px 0px 0px 0px;\n}\n<\/style>\n<div  class='flex_column av-8wpur4-f6883650f0271b6c7f0b5e345c8f3aa7 av_one_full  avia-builder-el-34  el_after_av_hr  el_before_av_hr  first flex_column_div av-zero-column-padding  '     ><section  class='av_textblock_section av-jt381b5j-1e20fac2d5bafa716163c4978529b384 '   itemscope=\"itemscope\" itemtype=\"https:\/\/schema.org\/CreativeWork\" ><div class='avia_textblock'  itemprop=\"text\" ><h3>XV Anniversario <em>Dies Natalis<\/em> Enzo Piccinini<\/h3>\n<h4>26 maggio 2014 \u2013 Cappella Arcivescovado di Milano<\/h4>\n<p>Omelia di <strong>S.E.R. Card. Angelo Scola<\/strong><\/p>\n<p>Arcivescovo di Milano<\/p>\n<\/div><\/section><br \/>\n<div  class='avia-button-wrap av-jt382smd-0f98a603f8a6b57939a531a43d2cb2f1-wrap avia-button-left  avia-builder-el-36  el_after_av_textblock  avia-builder-el-last '><a href='https:\/\/www.fondazionepiccinini.org\/wp-content\/uploads\/2023\/10\/2014_05_26_XV-Anniversario-Omelia-Scola.pdf'  class='avia-button av-jt382smd-0f98a603f8a6b57939a531a43d2cb2f1 av-link-btn avia-icon_select-yes-left-icon avia-size-medium avia-position-left avia-color-theme-color-highlight'  target=\"_blank\"  rel=\"noopener noreferrer\"  aria-label=\"Versione Integrale\"><span class='avia_button_icon avia_button_icon_left avia-iconfont avia-font-entypo-fontello' data-av_icon='\ue84d' data-av_iconfont='entypo-fontello' ><\/span><span class='avia_iconbox_title' >Versione Integrale<\/span><\/a><\/div><\/p><\/div>\n<div  class='hr av-jt3ftsa8-c8c50e353e45c70db0e0c30ae6ec18ff hr-short  avia-builder-el-37  el_after_av_one_full  el_before_av_one_full  hr-left'><span class='hr-inner '><span class=\"hr-inner-style\"><\/span><\/span><\/div>\n\n<style type=\"text\/css\" data-created_by=\"avia_inline_auto\" id=\"style-css-av-7f4mlc-ba033d825793713545d76c4c67ed55f2\">\n.flex_column.av-7f4mlc-ba033d825793713545d76c4c67ed55f2{\nborder-radius:0px 0px 0px 0px;\npadding:0px 0px 0px 0px;\n}\n<\/style>\n<div  class='flex_column av-7f4mlc-ba033d825793713545d76c4c67ed55f2 av_one_full  avia-builder-el-38  el_after_av_hr  el_before_av_hr  first flex_column_div av-zero-column-padding  '     ><section  class='av_textblock_section av-jt381b5j-1e20fac2d5bafa716163c4978529b384 '   itemscope=\"itemscope\" itemtype=\"https:\/\/schema.org\/CreativeWork\" ><div class='avia_textblock'  itemprop=\"text\" ><h3>XVI Anniversario <em>Dies Natalis<\/em> Enzo Piccinini<\/h3>\n<h4>26 maggio 2015 \u2013 Basilica di San Luca &#8211; Bologna<\/h4>\n<p>Omelia di <strong>don Fabio Baroncini<\/strong><\/p>\n<\/div><\/section><br \/>\n<div  class='avia-button-wrap av-jt382smd-60c17c660d53d8f6ecd3ebd6115c614e-wrap avia-button-left  avia-builder-el-40  el_after_av_textblock  avia-builder-el-last '><a href='https:\/\/www.fondazionepiccinini.org\/wp-content\/uploads\/2023\/10\/2015_05_26_XVI-Anniversario-Omelia-Don-Fabio-Baroncini.pdf'  class='avia-button av-jt382smd-60c17c660d53d8f6ecd3ebd6115c614e av-link-btn avia-icon_select-yes-left-icon avia-size-medium avia-position-left avia-color-theme-color-highlight'  target=\"_blank\"  rel=\"noopener noreferrer\"  aria-label=\"Versione Integrale\"><span class='avia_button_icon avia_button_icon_left avia-iconfont avia-font-entypo-fontello' data-av_icon='\ue84d' data-av_iconfont='entypo-fontello' ><\/span><span class='avia_iconbox_title' >Versione Integrale<\/span><\/a><\/div><\/p><\/div>\n<div  class='hr av-jt3ftsa8-c8c50e353e45c70db0e0c30ae6ec18ff hr-short  avia-builder-el-41  el_after_av_one_full  el_before_av_one_full  hr-left'><span class='hr-inner '><span class=\"hr-inner-style\"><\/span><\/span><\/div>\n\n<style type=\"text\/css\" data-created_by=\"avia_inline_auto\" id=\"style-css-av-5l0nkw-a374f642b927174940d6954520b18b26\">\n.flex_column.av-5l0nkw-a374f642b927174940d6954520b18b26{\nborder-radius:0px 0px 0px 0px;\npadding:0px 0px 0px 0px;\n}\n<\/style>\n<div  class='flex_column av-5l0nkw-a374f642b927174940d6954520b18b26 av_one_full  avia-builder-el-42  el_after_av_hr  el_before_av_hr  first flex_column_div av-zero-column-padding  '     ><section  class='av_textblock_section av-jt381b5j-1e20fac2d5bafa716163c4978529b384 '   itemscope=\"itemscope\" itemtype=\"https:\/\/schema.org\/CreativeWork\" ><div class='avia_textblock'  itemprop=\"text\" ><h3>XVII Anniversario <em>Dies Natalis<\/em> Enzo Piccinini<\/h3>\n<h4>26 maggio 2016 \u2013 Complesso scolastico &#8220;La Carovana&#8221; &#8211; Via Enzo Piccinini 20, Modena<\/h4>\n<p>Omelia di <strong>S.E. Mons. Erio Castellucci<\/strong><\/p>\n<p>Arcivescovo Abate di Modena e Nonantola<\/p>\n<\/div><\/section><br \/>\n<div  class='avia-button-wrap av-jt382smd-fb7d75b2894bd3014c392cd571f3d6e7-wrap avia-button-left  avia-builder-el-44  el_after_av_textblock  avia-builder-el-last '><a href='https:\/\/www.fondazionepiccinini.org\/wp-content\/uploads\/2023\/10\/2016_05_26_XVII-Anniversario-Omelia-Erio-Castellucci.pdf'  class='avia-button av-jt382smd-fb7d75b2894bd3014c392cd571f3d6e7 av-link-btn avia-icon_select-yes-left-icon avia-size-medium avia-position-left avia-color-theme-color-highlight'  target=\"_blank\"  rel=\"noopener noreferrer\"  aria-label=\"Versione Integrale\"><span class='avia_button_icon avia_button_icon_left avia-iconfont avia-font-entypo-fontello' data-av_icon='\ue84d' data-av_iconfont='entypo-fontello' ><\/span><span class='avia_iconbox_title' >Versione Integrale<\/span><\/a><\/div><\/p><\/div>\n<div  class='hr av-jt3ftsa8-c8c50e353e45c70db0e0c30ae6ec18ff hr-short  avia-builder-el-45  el_after_av_one_full  el_before_av_one_full  hr-left'><span class='hr-inner '><span class=\"hr-inner-style\"><\/span><\/span><\/div>\n\n<style type=\"text\/css\" data-created_by=\"avia_inline_auto\" id=\"style-css-av-f54io-2e169140638aa3d40618fb2028f4c383\">\n.flex_column.av-f54io-2e169140638aa3d40618fb2028f4c383{\nborder-radius:0px 0px 0px 0px;\npadding:0px 0px 0px 0px;\n}\n<\/style>\n<div  class='flex_column av-f54io-2e169140638aa3d40618fb2028f4c383 av_one_full  avia-builder-el-46  el_after_av_hr  el_before_av_hr  first flex_column_div av-zero-column-padding  '     ><section  class='av_textblock_section av-jt381b5j-1e20fac2d5bafa716163c4978529b384 '   itemscope=\"itemscope\" itemtype=\"https:\/\/schema.org\/CreativeWork\" ><div class='avia_textblock'  itemprop=\"text\" ><h3>XVIII Anniversario <em>Dies Natalis<\/em> Enzo Piccinini<\/h3>\n<h4>26 maggio 2017 \u2013 Duomo di Modena<\/h4>\n<p>Omelia di <strong>S.E. Mons. Erio Castellucci<\/strong><\/p>\n<p>Arcivescovo Abate di Modena e Nonantola<\/p>\n<\/div><\/section><br \/>\n<div  class='avia-button-wrap av-jt382smd-c4372efde0e80b307322faf66bbf8378-wrap avia-button-left  avia-builder-el-48  el_after_av_textblock  avia-builder-el-last '><a href='https:\/\/www.fondazionepiccinini.org\/wp-content\/uploads\/2023\/10\/2017_05_28_XVIII-Anniversario-Omelia-Erio-Castellucci.pdf'  class='avia-button av-jt382smd-c4372efde0e80b307322faf66bbf8378 av-link-btn avia-icon_select-yes-left-icon avia-size-medium avia-position-left avia-color-theme-color-highlight'  target=\"_blank\"  rel=\"noopener noreferrer\"  aria-label=\"Versione Integrale\"><span class='avia_button_icon avia_button_icon_left avia-iconfont avia-font-entypo-fontello' data-av_icon='\ue84d' data-av_iconfont='entypo-fontello' ><\/span><span class='avia_iconbox_title' >Versione Integrale<\/span><\/a><\/div><\/p><\/div>\n<div  class='hr av-jt3ftsa8-c8c50e353e45c70db0e0c30ae6ec18ff hr-short  avia-builder-el-49  el_after_av_one_full  el_before_av_one_full  hr-left'><span class='hr-inner '><span class=\"hr-inner-style\"><\/span><\/span><\/div>\n\n<style type=\"text\/css\" data-created_by=\"avia_inline_auto\" id=\"style-css-av-nzh18w-d8bf84962592615a53d589504fc9d65f\">\n.flex_column.av-nzh18w-d8bf84962592615a53d589504fc9d65f{\nborder-radius:0px 0px 0px 0px;\npadding:0px 0px 0px 0px;\n}\n<\/style>\n<div  class='flex_column av-nzh18w-d8bf84962592615a53d589504fc9d65f av_one_full  avia-builder-el-50  el_after_av_hr  el_before_av_hr  first flex_column_div av-zero-column-padding  '     ><section  class='av_textblock_section av-jt381b5j-1e20fac2d5bafa716163c4978529b384 '   itemscope=\"itemscope\" itemtype=\"https:\/\/schema.org\/CreativeWork\" ><div class='avia_textblock'  itemprop=\"text\" ><h3>XX Anniversario <em>Dies Natalis<\/em> Enzo Piccinini<\/h3>\n<h4>Domenica 26 maggio 2019 \u2013 Duomo di Modena<\/h4>\n<p>Omelia di S.E. Mons.\u00a0<strong>Massimo Camisasca<\/strong><br \/>\nVescovo di Reggio Emilia\u00a0\u2013 Guastalla<\/p>\n<p>Don Giussani, immediatamente dopo la scomparsa del nostro amico, ha parlato di lui come di un uomo che ha detto \u201cil suo s\u00ec a Cristo con una stupefacente dedizione, intelligente e integrale [\u2026] e ha reso la sua vita tutta tesa a Cristo e alla sua Chiesa [\u2026]. Non c\u2019era pi\u00f9 giorno che non cercasse in ogni modo la gloria umana di Cristo\u201d.<\/p>\n<blockquote>\n<p>Enzo fu un conquistato e divent\u00f2 un conquistatore. Chi \u00e8 assimilato, in un modo o in un altro, alla vicenda di Cristo, diventa sempre, pur in forme diverse, un creatore di popolo.<\/p>\n<\/blockquote>\n<p>Enzo cre\u00f2 un popolo dentro il popolo della Chiesa, allargandone cos\u00ec gli spazi attraverso il dono di nuovi figli, persone chiamate a loro volta non alla semplice ripetizione di una tradizione ricevuta, ma alla riscoperta continua e sempre pi\u00f9 profonda del dono che \u00e8 stato fatto loro.<\/p>\n<\/div><\/section><br \/>\n<div  class='avia-button-wrap av-jt382smd-91b2c71792eb9d5b98891a46eb62bb44-wrap avia-button-left  avia-builder-el-52  el_after_av_textblock  avia-builder-el-last '><a href='https:\/\/www.fondazionepiccinini.org\/wp-content\/uploads\/2019\/09\/2019_05_26_XX-Anniversario-Omelia-Camisasca.pdf'  class='avia-button av-jt382smd-91b2c71792eb9d5b98891a46eb62bb44 av-link-btn avia-icon_select-yes-left-icon avia-size-medium avia-position-left avia-color-theme-color-highlight'  target=\"_blank\"  rel=\"noopener noreferrer\"  aria-label=\"Versione Integrale\"><span class='avia_button_icon avia_button_icon_left avia-iconfont avia-font-entypo-fontello' data-av_icon='\ue84d' data-av_iconfont='entypo-fontello' ><\/span><span class='avia_iconbox_title' >Versione Integrale<\/span><\/a><\/div><\/p><\/div>\n<div  class='hr av-jt3ftsa8-c8c50e353e45c70db0e0c30ae6ec18ff hr-short  avia-builder-el-53  el_after_av_one_full  el_before_av_one_full  hr-left'><span class='hr-inner '><span class=\"hr-inner-style\"><\/span><\/span><\/div>\n\n<style type=\"text\/css\" data-created_by=\"avia_inline_auto\" id=\"style-css-av-myndhc-7bb5ee3b0f0892e21cbaa45f1e805232\">\n.flex_column.av-myndhc-7bb5ee3b0f0892e21cbaa45f1e805232{\nborder-radius:0px 0px 0px 0px;\npadding:0px 0px 0px 0px;\n}\n<\/style>\n<div  class='flex_column av-myndhc-7bb5ee3b0f0892e21cbaa45f1e805232 av_one_full  avia-builder-el-54  el_after_av_hr  el_before_av_hr  first flex_column_div av-zero-column-padding  '     ><section  class='av_textblock_section av-jt381b5j-1e20fac2d5bafa716163c4978529b384 '   itemscope=\"itemscope\" itemtype=\"https:\/\/schema.org\/CreativeWork\" ><div class='avia_textblock'  itemprop=\"text\" ><h3>XXI Anniversario <em>Dies Natalis<\/em> Enzo Piccinini<\/h3>\n<h4>Marted\u00ec 26 maggio 2020 \u2013 Cattedrale di Carpi (MO)<\/h4>\n<p>Omelia di S.E. Mons.\u00a0<strong>Giovanni Mosciatti<\/strong><br \/>\nVescovo di Imola<\/p>\n<p>Carissimi,<\/p>\n<p>Oggi ricordiamo il XXI anniversario del dies natalis di Enzo Piccinini, e il primo anno dall&#8217;inizio del suo processo di beatificazione e canonizzazione.<\/p>\n<blockquote>\n<p>Ci siamo radunati questa sera perch\u00e9 la giornata di oggi ci lega, ci rafforza la memoria, ci mette insieme, per la gratitudine di avere in qualche modo conosciuto, intercettato, Enzo nella nostra vita.<\/p>\n<\/blockquote>\n<p>Io ho avuto la grande grazia di averlo conosciuto sin dall&#8217;estate del 1973 quando alcuni miei amici parteciparono ad una vacanza con la comunit\u00e0 di Modena e ritornando mi parlavano spessissimo di lui, poi nei numerosi incontri dei responsabili degli Universitari dal 1977 al 1982 e poi in tantissime occasioni, soprattutto quando Enzo divenne un aiuto grande per gli Universitari a Perugia e nelle comunit\u00e0 delle Marche. Veramente il Signore ci ha fatto sperimentare cosa pu\u00f2 essere la vita, quale fascino pu\u00f2 avere quando uno come lui realizza quello che leggiamo sulla sua tomba: <em>\u201cNella semplicit\u00e0 del mio cuore lietamente ti ho offerto tutto\u201d<\/em>.<\/p>\n<\/div><\/section><br \/>\n<div  class='avia-button-wrap av-jt382smd-7561da4c24ebc0b84ea4fa2a0859c3a2-wrap avia-button-left  avia-builder-el-56  el_after_av_textblock  avia-builder-el-last '><a href='https:\/\/www.fondazionepiccinini.org\/wp-content\/uploads\/2020\/05\/2020_05_26_XXI-Anniversario-Omelia-Mosciatti.pdf'  class='avia-button av-jt382smd-7561da4c24ebc0b84ea4fa2a0859c3a2 av-link-btn avia-icon_select-yes-left-icon avia-size-medium avia-position-left avia-color-theme-color-highlight'  target=\"_blank\"  rel=\"noopener noreferrer\"  aria-label=\"Versione Integrale\"><span class='avia_button_icon avia_button_icon_left avia-iconfont avia-font-entypo-fontello' data-av_icon='\ue84d' data-av_iconfont='entypo-fontello' ><\/span><span class='avia_iconbox_title' >Versione Integrale<\/span><\/a><\/div><\/p><\/div>\n<div  class='hr av-jt3ftsa8-c8c50e353e45c70db0e0c30ae6ec18ff hr-short  avia-builder-el-57  el_after_av_one_full  el_before_av_one_full  hr-left'><span class='hr-inner '><span class=\"hr-inner-style\"><\/span><\/span><\/div>\n\n<style type=\"text\/css\" data-created_by=\"avia_inline_auto\" id=\"style-css-av-2ky1uo-e73f8908316d825b8c666bb6a0d29269\">\n.flex_column.av-2ky1uo-e73f8908316d825b8c666bb6a0d29269{\nborder-radius:0px 0px 0px 0px;\npadding:0px 0px 0px 0px;\n}\n<\/style>\n<div  class='flex_column av-2ky1uo-e73f8908316d825b8c666bb6a0d29269 av_one_full  avia-builder-el-58  el_after_av_hr  el_before_av_hr  first flex_column_div av-zero-column-padding  '     ><section  class='av_textblock_section av-jt381b5j-1e20fac2d5bafa716163c4978529b384 '   itemscope=\"itemscope\" itemtype=\"https:\/\/schema.org\/CreativeWork\" ><div class='avia_textblock'  itemprop=\"text\" ><h3>XXII Anniversario <em>Dies Natalis<\/em> Enzo Piccinini<\/h3>\n<h4>30 maggio 2021 \u2013 Citt\u00e0 dei ragazzi, Modena<\/h4>\n<p>Omelia di <strong>S.E. Mons. Erio Castellucci<\/strong><\/p>\n<p>Arcivescovo Abate di Modena e Nonantola<\/p>\n<\/div><\/section><br \/>\n<div  class='avia-button-wrap av-jt382smd-0288be2d8edb75f3a45ea7cd8680a857-wrap avia-button-left  avia-builder-el-60  el_after_av_textblock  avia-builder-el-last '><a href='https:\/\/www.fondazionepiccinini.org\/wp-content\/uploads\/2023\/10\/2021_05_30_XXII-Anniversario-Omelia-Erio-Castellucci.pdf'  class='avia-button av-jt382smd-0288be2d8edb75f3a45ea7cd8680a857 av-link-btn avia-icon_select-yes-left-icon avia-size-medium avia-position-left avia-color-theme-color-highlight'  target=\"_blank\"  rel=\"noopener noreferrer\"  aria-label=\"Versione Integrale\"><span class='avia_button_icon avia_button_icon_left avia-iconfont avia-font-entypo-fontello' data-av_icon='\ue84d' data-av_iconfont='entypo-fontello' ><\/span><span class='avia_iconbox_title' >Versione Integrale<\/span><\/a><\/div><\/p><\/div>\n<div  class='hr av-jt3ftsa8-c8c50e353e45c70db0e0c30ae6ec18ff hr-short  avia-builder-el-61  el_after_av_one_full  el_before_av_one_full  hr-left'><span class='hr-inner '><span class=\"hr-inner-style\"><\/span><\/span><\/div>\n\n<style type=\"text\/css\" data-created_by=\"avia_inline_auto\" id=\"style-css-av-kznflc-2832995d18a4b30344d33805b99facdb\">\n.flex_column.av-kznflc-2832995d18a4b30344d33805b99facdb{\nborder-radius:0px 0px 0px 0px;\npadding:0px 0px 0px 0px;\n}\n<\/style>\n<div  class='flex_column av-kznflc-2832995d18a4b30344d33805b99facdb av_one_full  avia-builder-el-62  el_after_av_hr  el_before_av_hr  first flex_column_div av-zero-column-padding  '     ><section  class='av_textblock_section av-jt381b5j-1e20fac2d5bafa716163c4978529b384 '   itemscope=\"itemscope\" itemtype=\"https:\/\/schema.org\/CreativeWork\" ><div class='avia_textblock'  itemprop=\"text\" ><h3>XXIII Anniversario <em>Dies Natalis<\/em> Enzo Piccinini<\/h3>\n<h4>Domenica 29 maggio 2022 \u2013 Abbazia di Nonantola (MO)<\/h4>\n<p>Omelia di Mons. <strong>Filippo Santoro<\/strong><br \/>\nArcivescovo metropolita di Taranto<\/p>\n<p>L\u2019Ascensione \u00e8 la festa della Gloria completa di Cristo, della umanit\u00e0 di Cristo. \u201cAscende al cielo\u201d: che il Signore ascende al cielo significa che la sua e la nostra umanit\u00e0 \u00e8 glorificata pienamente. Accade la pienezza che il cuore desidera, si compie tutta l\u2019attesa del cuore.<\/p>\n<p>Come ci ha detto don Giussani, \u201cascese al cielo\u201d non significa che \u00e8 andato sulle nuvole: \u201cascese al cielo\u201d significa che \u00e8 andato nella profondit\u00e0 della terra, nel cuore della terra, nel cuore della realt\u00e0. Al cuore di ogni cosa, al cuore di ogni affetto, al cuore di ogni rapporto, al cuore di ogni circostanza c\u2019\u00e8 Lui, al cuore del cammino quotidiano. Nel cuore della realt\u00e0 c\u2019\u00e8 l\u2019umanit\u00e0 di Cristo Risorto. E cos\u00ec, seguendo Ges\u00f9, anche la nostra umanit\u00e0 partecipa della Sua Gloria.<\/p>\n<blockquote>\n<p>Anche a noi \u00e8 accaduto di incontrare l\u2019umanit\u00e0 di Ges\u00f9 attraverso l\u2019umanit\u00e0 delle persone che ce lo hanno fatto conoscere, che ce lo hanno fatto incontrare. A molti di noi \u00e8 accaduto incontrando don Giussani. A molti di noi \u00e8 accaduto incontrando Enzo. Un\u2019umanit\u00e0 che lascia trasparire quella Gloria: la Gloria di Chi siede alla destra del Padre, la Gloria che ci attrae, la Gloria che ci conduce nel cammino della vita.<\/p>\n<\/blockquote>\n<p>Non \u00e8 che sono finite le contraddizioni \u2013 pensate alla guerra che esiste in Ucraina, pensate alla pandemia, a tanto dolore, a tanta sofferenza \u2013. Non \u00e8 che sono finite le lotte, le contraddizioni, le difficolt\u00e0 della vita: ma in tutto questo non siamo soli. In tutto questo siamo uniti a Colui che \u00e8 alla destra del Padre, alla Gloria che Lui ci ha donato, e che ci ha donato nella nostra storia, nella nostra vita, nella vicenda di una amicizia portata avanti nel tempo.<\/p>\n<\/div><\/section><br \/>\n<div  class='avia-button-wrap av-jt382smd-a69c6c5b608ee3b803405a2d89b7257a-wrap avia-button-left  avia-builder-el-64  el_after_av_textblock  avia-builder-el-last '><a href='https:\/\/www.fondazionepiccinini.org\/wp-content\/uploads\/2022\/06\/2022_05_29_XXIII-Anniversario-Omelia-Santoro.pdf'  class='avia-button av-jt382smd-a69c6c5b608ee3b803405a2d89b7257a av-link-btn avia-icon_select-yes-left-icon avia-size-medium avia-position-left avia-color-theme-color-highlight'  target=\"_blank\"  rel=\"noopener noreferrer\"  aria-label=\"Versione Integrale\"><span class='avia_button_icon avia_button_icon_left avia-iconfont avia-font-entypo-fontello' data-av_icon='\ue84d' data-av_iconfont='entypo-fontello' ><\/span><span class='avia_iconbox_title' >Versione Integrale<\/span><\/a><\/div><\/p><\/div>\n<div  class='hr av-jt3ftsa8-c8c50e353e45c70db0e0c30ae6ec18ff hr-short  avia-builder-el-65  el_after_av_one_full  el_before_av_one_full  hr-left'><span class='hr-inner '><span class=\"hr-inner-style\"><\/span><\/span><\/div>\n\n<style type=\"text\/css\" data-created_by=\"avia_inline_auto\" id=\"style-css-av-iogyo0-8adddd551b7a546733892df66f178464\">\n.flex_column.av-iogyo0-8adddd551b7a546733892df66f178464{\nborder-radius:0px 0px 0px 0px;\npadding:0px 0px 0px 0px;\n}\n<\/style>\n<div  class='flex_column av-iogyo0-8adddd551b7a546733892df66f178464 av_one_full  avia-builder-el-66  el_after_av_hr  el_before_av_hr  first flex_column_div av-zero-column-padding  '     ><section  class='av_textblock_section av-jt381b5j-1e20fac2d5bafa716163c4978529b384 '   itemscope=\"itemscope\" itemtype=\"https:\/\/schema.org\/CreativeWork\" ><div class='avia_textblock'  itemprop=\"text\" ><h3>XXIII Anniversario <em>Dies Natalis<\/em> Enzo Piccinini<\/h3>\n<h4>Domenica 29 maggio 2022 \u2013 Abbazia di Nonantola (MO)<\/h4>\n<p>Saluto e ringraziamento di\u00a0 <strong>S.E. don<\/strong> <strong>Erio Castellucci<\/strong><br \/>\nArcivescovo-abate di Modena e Nonantola e Vescovo di Carpi<\/p>\n<p>Desidero dire una parola di ringraziamento. Ringraziamento a questo popolo che ha invaso pacificamente la Chiesa Abbaziale di Nonantola e che si \u00e8 riunito, quasi respirando i tredici secoli di storia, in questa Abbazia nata a met\u00e0 dell\u2019ottavo secolo e che, come ogni monastero benedettino, \u00e8 stata centro propulsore di lavoro, attraverso la bonifica, i sistemi di irrigazione e la promozione dell\u2019agricoltura; di cultura, attraverso la trascrizione dei codici; di pace, attraverso la riconciliazione che qui avveniva fra famiglie nemiche; e naturalmente di Vangelo.<\/p>\n<blockquote>\n<p>Credo che noi siamo anche figli di questa bella Chiesa, tante volte sconosciuta, spesso trascurata, ma che \u00e8 la Chiesa di Ges\u00f9, che d\u00e0 energia alla societ\u00e0, al mondo.<\/p>\n<\/blockquote>\n<\/div><\/section><br \/>\n<div  class='avia-button-wrap av-jt382smd-047655071c314b8b336292e5ce1c979c-wrap avia-button-left  avia-builder-el-68  el_after_av_textblock  avia-builder-el-last '><a href='https:\/\/www.fondazionepiccinini.org\/wp-content\/uploads\/2024\/06\/2024_06_02_XXV-Anniversario-Omelia-Erio-Castellucci.pdf'  class='avia-button av-jt382smd-047655071c314b8b336292e5ce1c979c av-link-btn avia-icon_select-yes-left-icon avia-size-medium avia-position-left avia-color-theme-color-highlight'  target=\"_blank\"  rel=\"noopener noreferrer\"  aria-label=\"Versione Integrale\"><span class='avia_button_icon avia_button_icon_left avia-iconfont avia-font-entypo-fontello' data-av_icon='\ue84d' data-av_iconfont='entypo-fontello' ><\/span><span class='avia_iconbox_title' >Versione Integrale<\/span><\/a><\/div><\/p><\/div><div  class='hr av-jt3ftsa8-c8c50e353e45c70db0e0c30ae6ec18ff hr-short  avia-builder-el-69  el_after_av_one_full  el_before_av_one_full  hr-left'><span class='hr-inner '><span class=\"hr-inner-style\"><\/span><\/span><\/div><\/p>\n\n<style type=\"text\/css\" data-created_by=\"avia_inline_auto\" id=\"style-css-av-hdakow-8810f69b80a9e785350a4c0dacefad44\">\n.flex_column.av-hdakow-8810f69b80a9e785350a4c0dacefad44{\nborder-radius:0px 0px 0px 0px;\npadding:0px 0px 0px 0px;\n}\n<\/style>\n<div  class='flex_column av-hdakow-8810f69b80a9e785350a4c0dacefad44 av_one_full  avia-builder-el-70  el_after_av_hr  el_before_av_one_full  first flex_column_div av-zero-column-padding  '     ><section  class='av_textblock_section av-jt381b5j-1e20fac2d5bafa716163c4978529b384 '   itemscope=\"itemscope\" itemtype=\"https:\/\/schema.org\/CreativeWork\" ><div class='avia_textblock'  itemprop=\"text\" ><h3>XXIV Anniversario <em>Dies Natalis<\/em> Enzo Piccinini<\/h3>\n<h4>Venerd\u00ec 26 maggio 2023 \u2013 Cattedrale di San Pietro (BO)<\/h4>\n<p>Omelia di <strong>Matteo Maria Zuppi<\/strong><br \/>\nCardinale e Arcivescovo metropolita di Bologna<\/p>\n<div class=\"page\" title=\"Page 1\">\n<div class=\"section\">\n<div class=\"layoutArea\">\n<div class=\"column\">\n<p>Ci prepariamo alla Pentecoste, che e\u0300 proprio la chiarezza di quel \u201cprofondo del tempo\u201d che entra nel nostro tempo e che continua ad illuminarci, a riscaldarci, ad appassionarci, a farci rientrare in noi stessi, a credere a qualcosa di piu\u0300 grande di noi che, pero\u0300, passa sempre per la nostra vita e per la nostra umanita\u0300; e a scoprire che, docili allo Spirito, parliamo lingue nuove. E\u0300 lo Spirito che trasforma la faccia della terra e che cambia i cuori.<\/p>\n<p>E\u0300 lo Spirito la vera forza che rivela quel \u201cprofondo del tempo\u201d che entra nel nostro tempo, che ne e\u0300 il senso e il futuro, e la cui rivelazione continua a mostrarsi e a manifestarsi nella presenza del Signore, che accompagna, guida e protegge la nostra vita, e che possiamo capire in pienezza soltanto nello Spirito. Perche\u0301? Perche\u0301 lo Spirito ci apre gli occhi! Lo Spirito e\u0300 l\u2019amore, e\u0300 la presenza del Signore, e\u0300 l\u2019amore stesso del Signore che si fa concreto, che entra nei nostri cuori, che da\u0300 forza alla nostra vita. E non c\u2019e\u0300 niente da fare: quando amiamo, ci accorgiamo del mondo intorno; quando non amiamo, andiamo sul ripetitivo, ma una ripetitivita\u0300 vuota, non riempita da una presenza. E\u0300 vero che l\u2019amore e\u0300 anche ripetizione, ferialita\u0300 e quotidianita\u0300: ma si tratta di una ferialita\u0300 riempita di tanta presenza. Quando amiamo, allora vediamo con gli occhi del cuore, perche\u0301, appunto, nell\u2019amore ci accorgiamo di tutto cio\u0300 che ci circonda e tutto, nell\u2019amore, acquista un significato e cambia; vediamo gli altri in maniera diversa, si accende qualcosa.<\/p>\n<p>Un po\u2019 come accadde ai discepoli di Emmaus: ci arde qualcosa nel petto e cambia tutto! Diventiamo pieni di amore, con la forza travolgente dell\u2019amore, con quell\u2019assoluto che e\u0300 l\u2019amore, con quel desiderio che trova il suo compimento solo nell\u2019amore. Qualche volta abbiamo talmente tanta paura dell\u2019amore, che, prima di amare, vogliamo prima capire tutto: selezionare, spiegare, equilibrare, moderare, a tal punto che, alla fine, non rimane piu\u0300 nulla, oppure rimane qualcosa di talmente tiepido, che finiamo per non capire piu\u0300 cosa stiamo facendo, o innamorati di noi stessi, o di tante cose che ci rendono schiavitu\u0300. Spesso abbiamo tanta paura dell\u2019amore vero!<\/p>\n<blockquote>\n<p>Possiamo dire che Enzo non aveva paura dell\u2019amore, anzi, tendenzialmente, aveva paura della mediocrita\u0300 nell\u2019amore, aveva paura di perdere l\u2019Assoluto, aveva paura di non riuscirne a comunicare la passione travolgente! Io non ho mai conosciuto Enzo, ma credo che, un po\u2019 come la sua guida in auto, correva sempre da una parte all\u2019altra. Cosi\u0300 come le sue giornate: credo \u2013 e qui dovremmo domandare a molti di voi \u2013 sempre pieni di qualcosa! Perche\u0301 e\u0300 la passione del cuore e dell\u2019amore quella che, appunto, riempie e cambia tutta la vita e la fa unire all\u2019amore del Signore. Quando uno e\u0300 pieno di amore, lo comunica, lo condivide e ne fa partecipi gli altri con tanta forza, come quella, appunto, che ha toccato il cuore di tanti di noi, di cui custodiamo il ricordo e di cui ringraziamo il Signore.<\/p>\n<\/blockquote>\n<\/div>\n<\/div>\n<\/div>\n<\/div>\n<\/div><\/section><br \/>\n<div  class='avia-button-wrap av-jt382smd-cd2aa53d9b4f12cd6aea8b43ff1f694b-wrap avia-button-left  avia-builder-el-72  el_after_av_textblock  avia-builder-el-last '><a href='https:\/\/www.fondazionepiccinini.org\/wp-content\/uploads\/2023\/06\/2023_05_26_XXIV-Anniversario-Omelia-e-interventi.pdf'  class='avia-button av-jt382smd-cd2aa53d9b4f12cd6aea8b43ff1f694b av-link-btn avia-icon_select-yes-left-icon avia-size-medium avia-position-left avia-color-theme-color-highlight'  target=\"_blank\"  rel=\"noopener noreferrer\"  aria-label=\"Versione Integrale\"><span class='avia_button_icon avia_button_icon_left avia-iconfont avia-font-entypo-fontello' data-av_icon='\ue84d' data-av_iconfont='entypo-fontello' ><\/span><span class='avia_iconbox_title' >Versione Integrale<\/span><\/a><\/div><\/p><\/div>\n\n<style type=\"text\/css\" data-created_by=\"avia_inline_auto\" id=\"style-css-av-av_one_full-25347b0a799d5b9f7058434b2a9c3182\">\n.flex_column.av-av_one_full-25347b0a799d5b9f7058434b2a9c3182{\nborder-radius:0px 0px 0px 0px;\npadding:0px 0px 0px 0px;\n}\n<\/style>\n<div  class='flex_column av-av_one_full-25347b0a799d5b9f7058434b2a9c3182 av_one_full  avia-builder-el-73  el_after_av_one_full  el_before_av_hr  first flex_column_div av-zero-column-padding  column-top-margin'     ><section  class='av_textblock_section av-lxacrpga-8644460cd6318777c1104c738fdf6c40 '   itemscope=\"itemscope\" itemtype=\"https:\/\/schema.org\/CreativeWork\" ><div class='avia_textblock'  itemprop=\"text\" ><h3>XXV Anniversary <em>Dies Natalis<\/em> Enzo Piccinini<\/h3>\n<h4>Sunday June 2, 2024 \u2013 Modena Cathedral (BO)<\/h4>\n<p>Sermon of <strong>S.E. Mons. Erio Castellucci<\/strong><br \/>\nArchbishop Abbot of Modena-Nonantola and Bishop of Carpi<\/p>\n<blockquote>\n<p>Enzo was a sanguine person. Certainly he was a person who took Jesus&#8217; offering of his own blood seriously and responded with his very strong character by giving his own blood, that is, literally expending himself, with impetus, with depth, with transport, sometimes with impulsiveness; always for the cause of Christ.<\/p>\n<\/blockquote>\n<p>Each one with his own character, sometimes milder, sometimes stronger, rougher, is called to respond to Christ because the real sin is precisely indifference, the real sin is that silence, that spiritual anemia that, before the Lord&#8217;s offer of life, responds with a yawn, with a weary assent, with a shrug of the shoulders.<\/p>\n<p>We are all called to respond with our blood, that is, by giving our lives, by committing our passion, by involving our intelligence, our hearts, our affections in responding to Christ. The modalities change but the attitude is common: to Him who shed His blood for us, out of love, we respond by giving our lives every day, where we are, in the everyday, in everyday things, without necessarily heroic acts, required perhaps of some but not all. To give blood in the everyday, to love deeply where we are, with the passion of those who know that the Lord is second to none in offering Himself. May He who shed His blood for Judas, for Peter, for James, for John, for Thomas, for all others, help us never to be indifferent to His love, never to fade our hearts, never to fall into spiritual anemia.<\/p>\n<p>May the Lord inspire us with the greatest grace toward people who, like Enzo, are called to transfuse their blood, to give in that body of Christ which is the Church, to give to others the passion to believe and adhere to Christ, when that passion becomes too tenuous. These are gifts from God-God&#8217;s gifts are always inconvenient, but they are genuine gifts.<\/p>\n<\/div><\/section><br \/>\n<div  class='avia-button-wrap av-av_button-b08d9cc580e4d2bbf169bb0995e37174-wrap avia-button-left  avia-builder-el-75  el_after_av_textblock  avia-builder-el-last '><a href='https:\/\/www.fondazionepiccinini.org\/wp-content\/uploads\/2023\/06\/2023_05_26_XXIV-Anniversario-Omelia-e-interventi.pdf'  class='avia-button av-av_button-b08d9cc580e4d2bbf169bb0995e37174 av-link-btn avia-icon_select-yes-left-icon avia-size-medium avia-position-left avia-color-theme-color-highlight'  target=\"_blank\"  rel=\"noopener noreferrer\"  aria-label=\"Versione Integrale\"><span class='avia_button_icon avia_button_icon_left avia-iconfont avia-font-entypo-fontello' data-av_icon='\ue84d' data-av_iconfont='entypo-fontello' ><\/span><span class='avia_iconbox_title' >Versione Integrale<\/span><\/a><\/div><\/p><\/div>\n<div  class='hr av-jt3ftsa8-c8c50e353e45c70db0e0c30ae6ec18ff hr-short  avia-builder-el-76  el_after_av_one_full  avia-builder-el-last  hr-left'><span class='hr-inner '><span class=\"hr-inner-style\"><\/span><\/span><\/div>\n","protected":false},"excerpt":{"rendered":"","protected":false},"author":1,"featured_media":0,"parent":5835,"menu_order":3,"comment_status":"closed","ping_status":"closed","template":"","meta":{"footnotes":""},"class_list":["post-5873","page","type-page","status-publish","hentry"],"_links":{"self":[{"href":"https:\/\/www.fondazionepiccinini.org\/en\/wp-json\/wp\/v2\/pages\/5873","targetHints":{"allow":["GET"]}}],"collection":[{"href":"https:\/\/www.fondazionepiccinini.org\/en\/wp-json\/wp\/v2\/pages"}],"about":[{"href":"https:\/\/www.fondazionepiccinini.org\/en\/wp-json\/wp\/v2\/types\/page"}],"author":[{"embeddable":true,"href":"https:\/\/www.fondazionepiccinini.org\/en\/wp-json\/wp\/v2\/users\/1"}],"replies":[{"embeddable":true,"href":"https:\/\/www.fondazionepiccinini.org\/en\/wp-json\/wp\/v2\/comments?post=5873"}],"version-history":[{"count":8,"href":"https:\/\/www.fondazionepiccinini.org\/en\/wp-json\/wp\/v2\/pages\/5873\/revisions"}],"predecessor-version":[{"id":6284,"href":"https:\/\/www.fondazionepiccinini.org\/en\/wp-json\/wp\/v2\/pages\/5873\/revisions\/6284"}],"up":[{"embeddable":true,"href":"https:\/\/www.fondazionepiccinini.org\/en\/wp-json\/wp\/v2\/pages\/5835"}],"wp:attachment":[{"href":"https:\/\/www.fondazionepiccinini.org\/en\/wp-json\/wp\/v2\/media?parent=5873"}],"curies":[{"name":"wp","href":"https:\/\/api.w.org\/{rel}","templated":true}]}}